  {"id":8981,"date":"2024-05-10T13:22:52","date_gmt":"2024-05-10T11:22:52","guid":{"rendered":"https:\/\/inol.uni.opole.pl\/important-publications\/"},"modified":"2026-04-27T12:36:52","modified_gmt":"2026-04-27T10:36:52","slug":"important-publications","status":"publish","type":"page","link":"https:\/\/inol.uni.opole.pl\/en\/important-publications\/","title":{"rendered":"Important publications"},"content":{"rendered":"\t\t<div data-elementor-type=\"wp-page\" data-elementor-id=\"8981\" class=\"elementor elementor-8981 elementor-5962\" data-elementor-post-type=\"page\">\n\t\t\t\t<div class=\"elementor-element elementor-element-46689d88 e-flex e-con-boxed e-con e-parent\" data-id=\"46689d88\" data-element_type=\"container\" data-e-type=\"container\" data-settings=\"{&quot;jet_parallax_layout_list&quot;:[]}\">\n\t\t\t\t\t<div class=\"e-con-inner\">\n\t\t\t\t<div class=\"elementor-element elementor-element-1f2ff435 elementor-widget elementor-widget-heading\" data-id=\"1f2ff435\" data-element_type=\"widget\" data-e-type=\"widget\" data-widget_type=\"heading.default\">\n\t\t\t\t<div class=\"elementor-widget-container\">\n\t\t\t\t\t<h1 class=\"elementor-heading-title elementor-size-default\">Important publications<\/h1>\t\t\t\t<\/div>\n\t\t\t\t<\/div>\n\t\t\t\t\t<\/div>\n\t\t\t\t<\/div>\n\t\t<div class=\"elementor-element elementor-element-c0a4c4c e-flex e-con-boxed e-con e-parent\" data-id=\"c0a4c4c\" data-element_type=\"container\" data-e-type=\"container\" data-settings=\"{&quot;jet_parallax_layout_list&quot;:[]}\">\n\t\t\t\t\t<div class=\"e-con-inner\">\n\t\t<div class=\"elementor-element elementor-element-d855d76 e-con-full e-flex e-con e-child\" data-id=\"d855d76\" data-element_type=\"container\" data-e-type=\"container\" data-settings=\"{&quot;jet_parallax_layout_list&quot;:[]}\">\n\t\t\t\t<div class=\"elementor-element elementor-element-820d1df elementor-widget elementor-widget-image\" data-id=\"820d1df\" data-element_type=\"widget\" data-e-type=\"widget\" data-widget_type=\"image.default\">\n\t\t\t\t<div class=\"elementor-widget-container\">\n\t\t\t\t\t\t\t\t\t\t\t\t\t\t\t<img fetchpriority=\"high\" decoding=\"async\" src=\"https:\/\/inol.uni.opole.pl\/wp-content\/uploads\/sites\/41\/elementor\/thumbs\/Wolny_-_On_Australian_FB.jpg_550-rjq42k7oty0vr7mhi3fu7ztvftcggqtxnoklwiq2z4.jpeg\" alt=\"Wolny_-_On_Australian_FB.jpg_550\" title=\"Wolny_-_On_Australian_FB.jpg_550\" width=\"300\" height=\"424\" \/>\t\t\t\t\t\t\t\t\t\t\t\t\t\t\t<\/div>\n\t\t\t\t<\/div>\n\t\t\t\t<\/div>\n\t\t<div class=\"elementor-element elementor-element-fa526e4 e-con-full e-flex e-con e-child\" data-id=\"fa526e4\" data-element_type=\"container\" data-e-type=\"container\" data-settings=\"{&quot;jet_parallax_layout_list&quot;:[]}\">\n\t\t\t\t<div class=\"elementor-element elementor-element-9487acf elementor-widget elementor-widget-text-editor\" data-id=\"9487acf\" data-element_type=\"widget\" data-e-type=\"widget\" data-widget_type=\"text-editor.default\">\n\t\t\t\t<div class=\"elementor-widget-container\">\n\t\t\t\t\t\t\t\t\t<p><strong>Ryszard W. Wolny<\/strong><\/p>\n\t\t\t\t\t\t\t\t<\/div>\n\t\t\t\t<\/div>\n\t\t\t\t<div class=\"elementor-element elementor-element-2f451ee elementor-widget elementor-widget-text-editor\" data-id=\"2f451ee\" data-element_type=\"widget\" data-e-type=\"widget\" data-widget_type=\"text-editor.default\">\n\t\t\t\t<div class=\"elementor-widget-container\">\n\t\t\t\t\t\t\t\t\t<h1>On Australian and European Trails: Andrew Taylor\u2019s Poetry of Nature, Man and Ashes. A Comparative Study in Eco-Phenomenology and Eco-Deconstruction<\/h1>\n\t\t\t\t\t\t\t\t<\/div>\n\t\t\t\t<\/div>\n\t\t\t\t<div class=\"elementor-element elementor-element-1f6fe78 elementor-widget elementor-widget-text-editor\" data-id=\"1f6fe78\" data-element_type=\"widget\" data-e-type=\"widget\" data-widget_type=\"text-editor.default\">\n\t\t\t\t<div class=\"elementor-widget-container\">\n\t\t\t\t\t\t\t\t\t<p>Publisher: University of Opole Press, 2025, B5 format, 202 pp., hardcover<\/p>\n<p>ISBN: 978-83-8332-129-5<\/p>\n\t\t\t\t\t\t\t\t<\/div>\n\t\t\t\t<\/div>\n\t\t\t\t<div class=\"elementor-element elementor-element-40ffb4f elementor-widget elementor-widget-text-editor\" data-id=\"40ffb4f\" data-element_type=\"widget\" data-e-type=\"widget\" data-widget_type=\"text-editor.default\">\n\t\t\t\t<div class=\"elementor-widget-container\">\n\t\t\t\t\t\t\t\t\t<p>\u201cThe book titled <em>On Australian and European Trails: Andrew Taylor\u2019s Poetry of Nature, Man and Ashes. A Comparative Study in Eco-Phenomenology and Eco-Deconstruction <\/em>examines the work of an outstanding poet, one of the most distinguished living Australian poets, born in 1940. The author argues that this master of the written word seeks to uncover the inner landscape of humanity, weaving together a full spectrum of colors not only from his native Victoria but also from other Australian states and foreign countries, including Italy, Germany, Poland, the USA, and China. His poetry is characterized by formal and emotional diversity, which makes him a recognized heir and continuator of the great legacy of the English language and the literature created in it. In addition to lyric poetry, which forms the core of his work, his oeuvre also includes poetic prose, poems for children, a long poem, a critical book, and opera librettos. The monograph excellently presents the world of Taylor\u2019s work<\/p>\n<p>The strengths of the reviewed book lie in the author\u2019s interpretive skills, his research methodology, and his excellent use of methodological tools.\u201d<\/p>\n<p>\/From a review by Dr. Pawe\u0142 Ta\u0144ski, Prof. at Nicolaus Copernicus University\/<\/p>\n\t\t\t\t\t\t\t\t<\/div>\n\t\t\t\t<\/div>\n\t\t\t\t<\/div>\n\t\t\t\t\t<\/div>\n\t\t\t\t<\/div>\n\t\t<div class=\"elementor-element elementor-element-4ce10e0 e-flex e-con-boxed e-con e-parent\" data-id=\"4ce10e0\" data-element_type=\"container\" data-e-type=\"container\" data-settings=\"{&quot;jet_parallax_layout_list&quot;:[]}\">\n\t\t\t\t\t<div class=\"e-con-inner\">\n\t\t\t\t\t<\/div>\n\t\t\t\t<\/div>\n\t\t<div class=\"elementor-element elementor-element-f376cf3 e-flex e-con-boxed e-con e-parent\" data-id=\"f376cf3\" data-element_type=\"container\" data-e-type=\"container\" data-settings=\"{&quot;jet_parallax_layout_list&quot;:[]}\">\n\t\t\t\t\t<div class=\"e-con-inner\">\n\t\t<div class=\"elementor-element elementor-element-0382eed e-con-full e-flex e-con e-child\" data-id=\"0382eed\" data-element_type=\"container\" data-e-type=\"container\" data-settings=\"{&quot;jet_parallax_layout_list&quot;:[]}\">\n\t\t\t\t<div class=\"elementor-element elementor-element-6bca13e elementor-widget elementor-widget-image\" data-id=\"6bca13e\" data-element_type=\"widget\" data-e-type=\"widget\" data-widget_type=\"image.default\">\n\t\t\t\t<div class=\"elementor-widget-container\">\n\t\t\t\t\t\t\t\t\t\t\t\t\t\t\t<img decoding=\"async\" src=\"https:\/\/inol.uni.opole.pl\/wp-content\/uploads\/sites\/41\/elementor\/thumbs\/U1_9783847018971_600x600-rhb1hb50wfdqjjndim4f0lnmjn8a0k03vjipidi64g.jpg\" alt=\"U1_9783847018971_600x600\" title=\"U1_9783847018971_600x600\" width=\"300\" height=\"448\" \/>\t\t\t\t\t\t\t\t\t\t\t\t\t\t\t<\/div>\n\t\t\t\t<\/div>\n\t\t\t\t<\/div>\n\t\t<div class=\"elementor-element elementor-element-d345fab e-con-full e-flex e-con e-child\" data-id=\"d345fab\" data-element_type=\"container\" data-e-type=\"container\" data-settings=\"{&quot;jet_parallax_layout_list&quot;:[]}\">\n\t\t\t\t<div class=\"elementor-element elementor-element-59d4330 elementor-widget elementor-widget-text-editor\" data-id=\"59d4330\" data-element_type=\"widget\" data-e-type=\"widget\" data-widget_type=\"text-editor.default\">\n\t\t\t\t<div class=\"elementor-widget-container\">\n\t\t\t\t\t\t\t\t\t<p><strong>Krystyna Modrzejewska<\/strong><\/p>\n\t\t\t\t\t\t\t\t<\/div>\n\t\t\t\t<\/div>\n\t\t\t\t<div class=\"elementor-element elementor-element-701d5e3 elementor-widget elementor-widget-text-editor\" data-id=\"701d5e3\" data-element_type=\"widget\" data-e-type=\"widget\" data-widget_type=\"text-editor.default\">\n\t\t\t\t<div class=\"elementor-widget-container\">\n\t\t\t\t\t\t\t\t\t<h1 class=\"product--title\">Godot contre Konrad<\/h1>\n<p class=\"product--subtitle\">Le drame fran\u00e7ais du XXe s. au th\u00e9\u00e2tre polonais (1945\u20131960)<\/p>\n\t\t\t\t\t\t\t\t<\/div>\n\t\t\t\t<\/div>\n\t\t\t\t<div class=\"elementor-element elementor-element-9620cce elementor-widget elementor-widget-text-editor\" data-id=\"9620cce\" data-element_type=\"widget\" data-e-type=\"widget\" data-widget_type=\"text-editor.default\">\n\t\t\t\t<div class=\"elementor-widget-container\">\n\t\t\t\t\t\t\t\t\t<p>Publisher: V&amp;R unipress, 2025, B5 format, 160 pp., hardcover<\/p>\n<p>ISBN:978-3-8471-1897-8<\/p>\n\t\t\t\t\t\t\t\t<\/div>\n\t\t\t\t<\/div>\n\t\t\t\t<div class=\"elementor-element elementor-element-c1b6b5b elementor-widget elementor-widget-text-editor\" data-id=\"c1b6b5b\" data-element_type=\"widget\" data-e-type=\"widget\" data-widget_type=\"text-editor.default\">\n\t\t\t\t<div class=\"elementor-widget-container\">\n\t\t\t\t\t\t\t\t\t<p>The encounter of the Polish theater audiences in the capital and the provinces with the masterpieces of Jean Giraudoux, Jean Anouilh, Jean-Paul Sartre, Albert Camus, Samuel Beckett, and Eugene Ionesco, staged by the best-known Polish directors: Edmund Wierci\u0144ski, Erwin Axer, Bohdan Korzeniewski, Tadeusz Byrski, and the newcomers: Jerzy Grotowski, Krystyna Skuszanka, Wojciech Krasowski, Adam Hanuszkiewicz, and Zygmunt Hubner\u2014was always the main focus. The outstanding actors: Halina Kossobudzka, Maria Dul\u0119ba, Halina Miko\u0142ajska, Maria Ko\u015bcia\u0142kowska, Kalina J\u0119drusik, Jan \u015awiderski, Jan Kreczmar, Jacek Woszczerowicz, Aleksander Zelwerowicz, Gustaw Holoubek, Tadeusz Fijewski, Adam Hanuszkiewicz, Zygmunt Hubner, Franciszek Pieczka, and Tadeusz Fijewski had the opportunity to create unforgettable, iconic roles there. Scholarly critics\u2014Jan Kott, Zygmunt Gre\u0144, Jan Andrzej Szczepa\u0144ski, Edward Csato, Tadeusz Kudli\u0144ski, Stefan Treugutt, Wilhelm Szewczyk, and Jan Pawe\u0142 Gawlik\u2014revealed both the audience\u2019s enthusiasm and their dilemmas stemming from their education in great Romantic literature, as well as the authorities\u2019 decisions, which were sometimes difficult to accept.<\/p>\n\t\t\t\t\t\t\t\t<\/div>\n\t\t\t\t<\/div>\n\t\t\t\t<\/div>\n\t\t\t\t\t<\/div>\n\t\t\t\t<\/div>\n\t\t<div class=\"elementor-element elementor-element-364fb03 e-flex e-con-boxed e-con e-parent\" data-id=\"364fb03\" data-element_type=\"container\" data-e-type=\"container\" data-settings=\"{&quot;jet_parallax_layout_list&quot;:[]}\">\n\t\t\t\t\t<div class=\"e-con-inner\">\n\t\t\t\t\t<\/div>\n\t\t\t\t<\/div>\n\t\t<div class=\"elementor-element elementor-element-ce17a20 e-flex e-con-boxed e-con e-parent\" data-id=\"ce17a20\" data-element_type=\"container\" data-e-type=\"container\" data-settings=\"{&quot;jet_parallax_layout_list&quot;:[]}\">\n\t\t\t\t\t<div class=\"e-con-inner\">\n\t\t<div class=\"elementor-element elementor-element-1a9992a e-con-full e-flex e-con e-child\" data-id=\"1a9992a\" data-element_type=\"container\" data-e-type=\"container\" data-settings=\"{&quot;jet_parallax_layout_list&quot;:[]}\">\n\t\t\t\t<div class=\"elementor-element elementor-element-4c0717e elementor-widget elementor-widget-image\" data-id=\"4c0717e\" data-element_type=\"widget\" data-e-type=\"widget\" data-widget_type=\"image.default\">\n\t\t\t\t<div class=\"elementor-widget-container\">\n\t\t\t\t\t\t\t\t\t\t\t\t\t\t\t<img decoding=\"async\" src=\"https:\/\/inol.uni.opole.pl\/wp-content\/uploads\/sites\/41\/elementor\/thumbs\/0001552_Maczynska_-_The_veil_okladka_FB.jpg_550-rhb0etmx2mp36bjw8z8bxba6xox8up7r91x04ikgpw.jpeg\" alt=\"0001552_Maczynska_-_The_veil_okladka_FB.jpg_550\" title=\"0001552_Maczynska_-_The_veil_okladka_FB.jpg_550\" width=\"300\" height=\"426\" \/>\t\t\t\t\t\t\t\t\t\t\t\t\t\t\t<\/div>\n\t\t\t\t<\/div>\n\t\t\t\t<\/div>\n\t\t<div class=\"elementor-element elementor-element-366c5b4 e-con-full e-flex e-con e-child\" data-id=\"366c5b4\" data-element_type=\"container\" data-e-type=\"container\" data-settings=\"{&quot;jet_parallax_layout_list&quot;:[]}\">\n\t\t\t\t<div class=\"elementor-element elementor-element-f85343a elementor-widget elementor-widget-text-editor\" data-id=\"f85343a\" data-element_type=\"widget\" data-e-type=\"widget\" data-widget_type=\"text-editor.default\">\n\t\t\t\t<div class=\"elementor-widget-container\">\n\t\t\t\t\t\t\t\t\t<p><strong>M\u0105czy\u0144ska Magdalena<\/strong><\/p>\n\t\t\t\t\t\t\t\t<\/div>\n\t\t\t\t<\/div>\n\t\t\t\t<div class=\"elementor-element elementor-element-1e71363 elementor-widget elementor-widget-text-editor\" data-id=\"1e71363\" data-element_type=\"widget\" data-e-type=\"widget\" data-widget_type=\"text-editor.default\">\n\t\t\t\t<div class=\"elementor-widget-container\">\n\t\t\t\t\t\t\t\t\t<h1>The Veil Between the Worlds \u2013 the Concept of Sacred, the Profane and the Infernal Spheres as Reflecting the Notions of Good and Evil in the Works of J. R. R. Tolkien, Marion Zimmer Bradley and Philip Pullman<\/h1>\n\t\t\t\t\t\t\t\t<\/div>\n\t\t\t\t<\/div>\n\t\t\t\t<div class=\"elementor-element elementor-element-4dd3193 elementor-widget elementor-widget-text-editor\" data-id=\"4dd3193\" data-element_type=\"widget\" data-e-type=\"widget\" data-widget_type=\"text-editor.default\">\n\t\t\t\t<div class=\"elementor-widget-container\">\n\t\t\t\t\t\t\t\t\t<p>Publisher: Wydawnictwo UO, 2025, B5 format, 226 pp., softcover<\/p>\n<p>ISBN: 978-83-8332-114-1<\/p>\n\t\t\t\t\t\t\t\t<\/div>\n\t\t\t\t<\/div>\n\t\t\t\t<div class=\"elementor-element elementor-element-50c7f54 elementor-widget elementor-widget-text-editor\" data-id=\"50c7f54\" data-element_type=\"widget\" data-e-type=\"widget\" data-widget_type=\"text-editor.default\">\n\t\t\t\t<div class=\"elementor-widget-container\">\n\t\t\t\t\t\t\t\t\t<p>The book is not only logically structured, in accordance with the author\u2019s intentions and theoretical premises, but reading the successive chapters provides intellectual satisfaction in the fundamental sense that one can see in them the scholar\u2019s relentless effort to interpret literary texts as broadly as possible: the author carefully examines the diverse intentional wholes that are the fantasy works of various origins under analysis. The strengths of the reviewed book lie in the author\u2019s interpretive skills, her research methodology, and her excellent use of methodological tools. I believe that the book is an extremely successful project, an immensely interesting testament to careful reading, and an original proposal for the interpretation of literary texts.<\/p>\n\t\t\t\t\t\t\t\t<\/div>\n\t\t\t\t<\/div>\n\t\t\t\t<\/div>\n\t\t\t\t\t<\/div>\n\t\t\t\t<\/div>\n\t\t<div class=\"elementor-element elementor-element-d9530bd e-flex e-con-boxed e-con e-parent\" data-id=\"d9530bd\" data-element_type=\"container\" data-e-type=\"container\" data-settings=\"{&quot;jet_parallax_layout_list&quot;:[]}\">\n\t\t\t\t\t<div class=\"e-con-inner\">\n\t\t\t\t\t<\/div>\n\t\t\t\t<\/div>\n\t\t<div class=\"elementor-element elementor-element-111a57b e-flex e-con-boxed e-con e-parent\" data-id=\"111a57b\" data-element_type=\"container\" data-e-type=\"container\" data-settings=\"{&quot;jet_parallax_layout_list&quot;:[]}\">\n\t\t\t\t\t<div class=\"e-con-inner\">\n\t\t<div class=\"elementor-element elementor-element-3f97fab e-con-full e-flex e-con e-child\" data-id=\"3f97fab\" data-element_type=\"container\" data-e-type=\"container\" data-settings=\"{&quot;jet_parallax_layout_list&quot;:[]}\">\n\t\t\t\t<div class=\"elementor-element elementor-element-d07475d elementor-widget elementor-widget-image\" data-id=\"d07475d\" data-element_type=\"widget\" data-e-type=\"widget\" data-widget_type=\"image.default\">\n\t\t\t\t<div class=\"elementor-widget-container\">\n\t\t\t\t\t\t\t\t\t\t\t\t\t\t\t<img loading=\"lazy\" decoding=\"async\" src=\"https:\/\/inol.uni.opole.pl\/wp-content\/uploads\/sites\/41\/elementor\/thumbs\/0001551_Burzka_-_Trzy_zapomniane_okladka_FB.jpg_550-rhayudfumtf5xdjrvksx6k3mmn5ol342tnh8ka9mds.jpeg\" alt=\"0001551_Burzka_-_Trzy_zapomniane_okladka_FB.jpg_550\" title=\"0001551_Burzka_-_Trzy_zapomniane_okladka_FB.jpg_550\" width=\"300\" height=\"424\" \/>\t\t\t\t\t\t\t\t\t\t\t\t\t\t\t<\/div>\n\t\t\t\t<\/div>\n\t\t\t\t<\/div>\n\t\t<div class=\"elementor-element elementor-element-b2eca40 e-con-full e-flex e-con e-child\" data-id=\"b2eca40\" data-element_type=\"container\" data-e-type=\"container\" data-settings=\"{&quot;jet_parallax_layout_list&quot;:[]}\">\n\t\t\t\t<div class=\"elementor-element elementor-element-d2c45cf elementor-widget elementor-widget-text-editor\" data-id=\"d2c45cf\" data-element_type=\"widget\" data-e-type=\"widget\" data-widget_type=\"text-editor.default\">\n\t\t\t\t<div class=\"elementor-widget-container\">\n\t\t\t\t\t\t\t\t\t<p><strong>Burzka-Janik Ma\u0142gorzata<\/strong><\/p>\n\t\t\t\t\t\t\t\t<\/div>\n\t\t\t\t<\/div>\n\t\t\t\t<div class=\"elementor-element elementor-element-240ec50 elementor-widget elementor-widget-text-editor\" data-id=\"240ec50\" data-element_type=\"widget\" data-e-type=\"widget\" data-widget_type=\"text-editor.default\">\n\t\t\t\t<div class=\"elementor-widget-container\">\n\t\t\t\t\t\t\t\t\t<p><strong>Three Forgotten Romantic Poems: Edmund \u2013 The Werewolf \u2013 Festyna<\/strong><\/p>\n\t\t\t\t\t\t\t\t<\/div>\n\t\t\t\t<\/div>\n\t\t\t\t<div class=\"elementor-element elementor-element-d0bed5e elementor-widget elementor-widget-text-editor\" data-id=\"d0bed5e\" data-element_type=\"widget\" data-e-type=\"widget\" data-widget_type=\"text-editor.default\">\n\t\t\t\t<div class=\"elementor-widget-container\">\n\t\t\t\t\t\t\t\t\t<p>Publisher: UO Publishing House, 2025, B5 format, 282 pp., softcover<\/p>\n<p>ISBN: 978-83-8332-113-4<\/p>\n\t\t\t\t\t\t\t\t<\/div>\n\t\t\t\t<\/div>\n\t\t\t\t<div class=\"elementor-element elementor-element-49045dc elementor-widget elementor-widget-text-editor\" data-id=\"49045dc\" data-element_type=\"widget\" data-e-type=\"widget\" data-widget_type=\"text-editor.default\">\n\t\t\t\t<div class=\"elementor-widget-container\">\n\t\t\t\t\t\t\t\t\t<p>The protagonists of the book <em>Three Forgotten Romantic Poems:<\/em> <em>Edmund \u2013 The Werewolf \u2013 Festyna<\/em> are figures on the margins of Polish Romanticism: Stefan Witwicki, Tomasz August Olizarowski, and Karolina Proniewska, who is virtually unknown. Reading their poems provides an opportunity for existential and philosophical reflection, focused on exploring the essence of the world and humanity, while also allowing one to experience the full range of romantic emotions\u2014from melancholy and dread to the hope that overcomes them. The profound truth about humanity embedded in them ensures that they have not lost their cognitive or aesthetic value to this day, while Romanticism gains\u2014in the case of these very authors (the two Krzemie\u0144cy, Witwicki and Olizarowski, and the \u017bmudzinka Proniewska) and their texts (the \u201cdarkest\u201d *Edmund*, the frenetic <em>Wilko\u0142ak<\/em>, and the mystical <em>Festyna<\/em>)\u2014gains three distinct and intriguing incarnations of regional variants: Lithuanian, Ukrainian, and Samogitian. The book is intended for readers who seek in the literature of the first half of the 19th century a new model of the era and of humanity, different from that proposed by the \u201cprophetic\u201d Romanticism of Mickiewicz, Werther, or Byron.<\/p>\n\t\t\t\t\t\t\t\t<\/div>\n\t\t\t\t<\/div>\n\t\t\t\t<\/div>\n\t\t\t\t\t<\/div>\n\t\t\t\t<\/div>\n\t\t<div class=\"elementor-element elementor-element-27c2a17 e-flex e-con-boxed e-con e-parent\" data-id=\"27c2a17\" data-element_type=\"container\" data-e-type=\"container\" data-settings=\"{&quot;jet_parallax_layout_list&quot;:[]}\">\n\t\t\t\t\t<div class=\"e-con-inner\">\n\t\t\t\t\t<\/div>\n\t\t\t\t<\/div>\n\t\t<div class=\"elementor-element elementor-element-aeaf298 e-flex e-con-boxed e-con e-parent\" data-id=\"aeaf298\" data-element_type=\"container\" data-e-type=\"container\" data-settings=\"{&quot;jet_parallax_layout_list&quot;:[]}\">\n\t\t\t\t\t<div class=\"e-con-inner\">\n\t\t<div class=\"elementor-element elementor-element-3f1c139 e-con-full e-flex e-con e-child\" data-id=\"3f1c139\" data-element_type=\"container\" data-e-type=\"container\" data-settings=\"{&quot;jet_parallax_layout_list&quot;:[]}\">\n\t\t\t\t<div class=\"elementor-element elementor-element-4edb941 elementor-widget elementor-widget-image\" data-id=\"4edb941\" data-element_type=\"widget\" data-e-type=\"widget\" data-widget_type=\"image.default\">\n\t\t\t\t<div class=\"elementor-widget-container\">\n\t\t\t\t\t\t\t\t\t\t\t\t\t\t\t<img loading=\"lazy\" decoding=\"async\" src=\"https:\/\/inol.uni.opole.pl\/wp-content\/uploads\/sites\/41\/elementor\/thumbs\/0001535_Literaport_11_FB.jpg_550-rafgdhlf3e1rd3vdl063khk8uflb9r47fhfuhdcnnm.jpeg\" alt=\"0001535_Literaport_11_FB.jpg_550\" title=\"0001535_Literaport_11_FB.jpg_550\" width=\"300\" height=\"429\" \/>\t\t\t\t\t\t\t\t\t\t\t\t\t\t\t<\/div>\n\t\t\t\t<\/div>\n\t\t\t\t<\/div>\n\t\t<div class=\"elementor-element elementor-element-222b3a9 e-con-full e-flex e-con e-child\" data-id=\"222b3a9\" data-element_type=\"container\" data-e-type=\"container\" data-settings=\"{&quot;jet_parallax_layout_list&quot;:[]}\">\n\t\t\t\t<div class=\"elementor-element elementor-element-7dce9c3 elementor-widget elementor-widget-text-editor\" data-id=\"7dce9c3\" data-element_type=\"widget\" data-e-type=\"widget\" data-widget_type=\"text-editor.default\">\n\t\t\t\t<div class=\"elementor-widget-container\">\n\t\t\t\t\t\t\t\t\t<p><strong>Anna Ledwina (ed.)<\/strong><\/p>\n\t\t\t\t\t\t\t\t<\/div>\n\t\t\t\t<\/div>\n\t\t\t\t<div class=\"elementor-element elementor-element-0c5f99c elementor-widget elementor-widget-text-editor\" data-id=\"0c5f99c\" data-element_type=\"widget\" data-e-type=\"widget\" data-widget_type=\"text-editor.default\">\n\t\t\t\t<div class=\"elementor-widget-container\">\n\t\t\t\t\t\t\t\t\t<p>Literaport \u2022 Revue annuelle de litt\u00e9rature francophone \u2116 11<\/p>\n\t\t\t\t\t\t\t\t<\/div>\n\t\t\t\t<\/div>\n\t\t\t\t<div class=\"elementor-element elementor-element-73e7e38 elementor-widget elementor-widget-text-editor\" data-id=\"73e7e38\" data-element_type=\"widget\" data-e-type=\"widget\" data-widget_type=\"text-editor.default\">\n\t\t\t\t<div class=\"elementor-widget-container\">\n\t\t\t\t\t\t\t\t\t<p>Publisher: UO Publishing House, 2024, B5 format, 156 pp., softcover<\/p>\n<p>ISBN: 978-83-8332-089-2<\/p>\n\t\t\t\t\t\t\t\t<\/div>\n\t\t\t\t<\/div>\n\t\t\t\t<div class=\"elementor-element elementor-element-4a6e59f elementor-widget elementor-widget-text-editor\" data-id=\"4a6e59f\" data-element_type=\"widget\" data-e-type=\"widget\" data-widget_type=\"text-editor.default\">\n\t\t\t\t<div class=\"elementor-widget-container\">\n\t\t\t\t\t\t\t\t\t<p><a href=\"https:\/\/inol.uni.opole.pl\/wp-content\/uploads\/sites\/41\/Literaport-11_2024-25_08_05.pdf\" target=\"_blank\" rel=\"noopener\">Literaport 11_2024 25_08_05.pdf<\/a><\/p>\n\t\t\t\t\t\t\t\t<\/div>\n\t\t\t\t<\/div>\n\t\t\t\t<\/div>\n\t\t\t\t\t<\/div>\n\t\t\t\t<\/div>\n\t\t<div class=\"elementor-element elementor-element-0b72850 e-flex e-con-boxed e-con e-parent\" data-id=\"0b72850\" data-element_type=\"container\" data-e-type=\"container\" data-settings=\"{&quot;jet_parallax_layout_list&quot;:[]}\">\n\t\t\t\t\t<div class=\"e-con-inner\">\n\t\t\t\t\t<\/div>\n\t\t\t\t<\/div>\n\t\t<div class=\"elementor-element elementor-element-fae2837 e-flex e-con-boxed e-con e-parent\" data-id=\"fae2837\" data-element_type=\"container\" data-e-type=\"container\" data-settings=\"{&quot;jet_parallax_layout_list&quot;:[]}\">\n\t\t\t\t\t<div class=\"e-con-inner\">\n\t\t<div class=\"elementor-element elementor-element-ccd0ac0 e-con-full e-flex e-con e-child\" data-id=\"ccd0ac0\" data-element_type=\"container\" data-e-type=\"container\" data-settings=\"{&quot;jet_parallax_layout_list&quot;:[]}\">\n\t\t\t\t<div class=\"elementor-element elementor-element-adc19e9 elementor-widget elementor-widget-image\" data-id=\"adc19e9\" data-element_type=\"widget\" data-e-type=\"widget\" data-widget_type=\"image.default\">\n\t\t\t\t<div class=\"elementor-widget-container\">\n\t\t\t\t\t\t\t\t\t\t\t\t\t\t\t<img loading=\"lazy\" decoding=\"async\" src=\"https:\/\/inol.uni.opole.pl\/wp-content\/uploads\/sites\/41\/elementor\/thumbs\/images-rafhiro98gk38lwrjcj9kkk00m4mb7zu3sui7u58ju.jpeg\" alt=\"images\" title=\"images\" width=\"300\" height=\"449\" \/>\t\t\t\t\t\t\t\t\t\t\t\t\t\t\t<\/div>\n\t\t\t\t<\/div>\n\t\t\t\t<\/div>\n\t\t<div class=\"elementor-element elementor-element-e2ce8ad e-con-full e-flex e-con e-child\" data-id=\"e2ce8ad\" data-element_type=\"container\" data-e-type=\"container\" data-settings=\"{&quot;jet_parallax_layout_list&quot;:[]}\">\n\t\t\t\t<div class=\"elementor-element elementor-element-a7d83e2 elementor-widget elementor-widget-text-editor\" data-id=\"a7d83e2\" data-element_type=\"widget\" data-e-type=\"widget\" data-widget_type=\"text-editor.default\">\n\t\t\t\t<div class=\"elementor-widget-container\">\n\t\t\t\t\t\t\t\t\t<p><strong>Daniel Pietrek<\/strong><\/p>\n\t\t\t\t\t\t\t\t<\/div>\n\t\t\t\t<\/div>\n\t\t\t\t<div class=\"elementor-element elementor-element-38a9f13 elementor-widget elementor-widget-text-editor\" data-id=\"38a9f13\" data-element_type=\"widget\" data-e-type=\"widget\" data-widget_type=\"text-editor.default\">\n\t\t\t\t<div class=\"elementor-widget-container\">\n\t\t\t\t\t\t\t\t\t<h1>Carl Hanser Verlag as an Intermediary of Polish Literature in West Germany Between 1945 and 1990<\/h1>\n\t\t\t\t\t\t\t\t<\/div>\n\t\t\t\t<\/div>\n\t\t\t\t<div class=\"elementor-element elementor-element-ed5aa2d elementor-widget elementor-widget-text-editor\" data-id=\"ed5aa2d\" data-element_type=\"widget\" data-e-type=\"widget\" data-widget_type=\"text-editor.default\">\n\t\t\t\t<div class=\"elementor-widget-container\">\n\t\t\t\t\t\t\t\t\t<p>Publisher: V &amp; R Unipress GmbH, 2025, B5 format, 288 pp., hardcover<\/p>\n<p>ISBN: 978-38-4711-823-7<\/p>\n\t\t\t\t\t\t\t\t<\/div>\n\t\t\t\t<\/div>\n\t\t\t\t<div class=\"elementor-element elementor-element-0f21ce6 elementor-widget elementor-widget-text-editor\" data-id=\"0f21ce6\" data-element_type=\"widget\" data-e-type=\"widget\" data-widget_type=\"text-editor.default\">\n\t\t\t\t<div class=\"elementor-widget-container\">\n\t\t\t\t\t\t\t\t\t<p>The Munich-based Carl Hanser Verlag was one of the most important publishers in the 1950s and 1960s when it came to promoting Polish literature in West Germany. The fact that\u2014from the 1950s onward (after a period of publishing German classics)\u2014the Hanser Verlag also focused on Polish literature is not easy to explain. However, this decision was all the more significant because Polish literature in translation often built bridges to Poland\u2019s neighbors after the end of World War II and paved the way for a new phase in the German-Polish dialogue aimed at reconciliation. This publishing policy was maintained over the following decades. Daniel Pietrek analyzes and describes this unique cultural transfer in his study.<\/p>\n\t\t\t\t\t\t\t\t<\/div>\n\t\t\t\t<\/div>\n\t\t\t\t<\/div>\n\t\t\t\t\t<\/div>\n\t\t\t\t<\/div>\n\t\t<div class=\"elementor-element elementor-element-1f027c3 e-flex e-con-boxed e-con e-parent\" data-id=\"1f027c3\" data-element_type=\"container\" data-e-type=\"container\" data-settings=\"{&quot;jet_parallax_layout_list&quot;:[]}\">\n\t\t\t\t\t<div class=\"e-con-inner\">\n\t\t\t\t\t<\/div>\n\t\t\t\t<\/div>\n\t\t<div class=\"elementor-element elementor-element-6a8a3b8 e-flex e-con-boxed e-con e-parent\" data-id=\"6a8a3b8\" data-element_type=\"container\" data-e-type=\"container\" data-settings=\"{&quot;jet_parallax_layout_list&quot;:[]}\">\n\t\t\t\t\t<div class=\"e-con-inner\">\n\t\t<div class=\"elementor-element elementor-element-7224b1b e-con-full e-flex e-con e-child\" data-id=\"7224b1b\" data-element_type=\"container\" data-e-type=\"container\" data-settings=\"{&quot;jet_parallax_layout_list&quot;:[]}\">\n\t\t\t\t<div class=\"elementor-element elementor-element-cc61af8 elementor-widget elementor-widget-image\" data-id=\"cc61af8\" data-element_type=\"widget\" data-e-type=\"widget\" data-widget_type=\"image.default\">\n\t\t\t\t<div class=\"elementor-widget-container\">\n\t\t\t\t\t\t\t\t\t\t\t\t\t\t\t<img loading=\"lazy\" decoding=\"async\" src=\"https:\/\/inol.uni.opole.pl\/wp-content\/uploads\/sites\/41\/elementor\/thumbs\/0001533_Suwinski_-_Zaczekac_zdazyc_FB.jpg_550-r3f6bjl30qqw0mpuzd2v86db3dyw4ymbfphamr82we.jpeg\" alt=\"0001533_Suwinski_-_Zaczekac_zdazyc_FB.jpg_550\" title=\"0001533_Suwinski_-_Zaczekac_zdazyc_FB.jpg_550\" width=\"300\" height=\"427\" \/>\t\t\t\t\t\t\t\t\t\t\t\t\t\t\t<\/div>\n\t\t\t\t<\/div>\n\t\t\t\t<\/div>\n\t\t<div class=\"elementor-element elementor-element-714a994 e-con-full e-flex e-con e-child\" data-id=\"714a994\" data-element_type=\"container\" data-e-type=\"container\" data-settings=\"{&quot;jet_parallax_layout_list&quot;:[]}\">\n\t\t\t\t<div class=\"elementor-element elementor-element-00413bd elementor-widget elementor-widget-text-editor\" data-id=\"00413bd\" data-element_type=\"widget\" data-e-type=\"widget\" data-widget_type=\"text-editor.default\">\n\t\t\t\t<div class=\"elementor-widget-container\">\n\t\t\t\t\t\t\t\t\t<p><strong>Bartosz Suwi\u0144ski<\/strong><\/p>\n\t\t\t\t\t\t\t\t<\/div>\n\t\t\t\t<\/div>\n\t\t\t\t<div class=\"elementor-element elementor-element-f18f1e9 elementor-widget elementor-widget-text-editor\" data-id=\"f18f1e9\" data-element_type=\"widget\" data-e-type=\"widget\" data-widget_type=\"text-editor.default\">\n\t\t\t\t<div class=\"elementor-widget-container\">\n\t\t\t\t\t\t\t\t\t<p><strong>Write It Down, Make It in Time. Notes on Poetry from 1993\u20132021<\/strong><\/p>\n\t\t\t\t\t\t\t\t<\/div>\n\t\t\t\t<\/div>\n\t\t\t\t<div class=\"elementor-element elementor-element-4335726 elementor-widget elementor-widget-text-editor\" data-id=\"4335726\" data-element_type=\"widget\" data-e-type=\"widget\" data-widget_type=\"text-editor.default\">\n\t\t\t\t<div class=\"elementor-widget-container\">\n\t\t\t\t\t\t\t\t\t<p>Publisher: University of Opole Press, 2024, B5 format, 232 pp., softcover<\/p>\n<p>ISBN: 978-83-8332-077-9<\/p>\n\t\t\t\t\t\t\t\t<\/div>\n\t\t\t\t<\/div>\n\t\t\t\t<div class=\"elementor-element elementor-element-9e0532e elementor-widget elementor-widget-text-editor\" data-id=\"9e0532e\" data-element_type=\"widget\" data-e-type=\"widget\" data-widget_type=\"text-editor.default\">\n\t\t\t\t<div class=\"elementor-widget-container\">\n\t\t\t\t\t\t\t\t\t<p>The intention of this book is\u2014as the title suggests\u2014to accompany contemporary poetry and to reveal the polyphony of sounds in today\u2019s verse. The essays included in the book express a refreshing, unordered approach to reading that defies ready-made answers, overarching messages to the reader and are an attempt to present the poem as something that opens us up to what is other, not necessarily close to us or familiar, teaches us empathy, and, moreover, brings us closer to the processual nature of reality, offering a lesson in attention and becoming the beginning of a thought process whose movement gives us the possibility of transformation. After all, reading poetry is nothing other than a constant confrontation with the infinite, with mystery and the unknown, at the cost of shedding simplistic, consumerist habits.<\/p>\n\t\t\t\t\t\t\t\t<\/div>\n\t\t\t\t<\/div>\n\t\t\t\t<\/div>\n\t\t\t\t\t<\/div>\n\t\t\t\t<\/div>\n\t\t<div class=\"elementor-element elementor-element-dffac98 e-flex e-con-boxed e-con e-parent\" data-id=\"dffac98\" data-element_type=\"container\" data-e-type=\"container\" data-settings=\"{&quot;jet_parallax_layout_list&quot;:[]}\">\n\t\t\t\t\t<div class=\"e-con-inner\">\n\t\t\t\t\t<\/div>\n\t\t\t\t<\/div>\n\t\t<div class=\"elementor-element elementor-element-bb342b6 e-flex e-con-boxed e-con e-parent\" data-id=\"bb342b6\" data-element_type=\"container\" data-e-type=\"container\" data-settings=\"{&quot;jet_parallax_layout_list&quot;:[]}\">\n\t\t\t\t\t<div class=\"e-con-inner\">\n\t\t<div class=\"elementor-element elementor-element-59b6d33 e-con-full e-flex e-con e-child\" data-id=\"59b6d33\" data-element_type=\"container\" data-e-type=\"container\" data-settings=\"{&quot;jet_parallax_layout_list&quot;:[]}\">\n\t\t\t\t<div class=\"elementor-element elementor-element-d145993 elementor-widget elementor-widget-image\" data-id=\"d145993\" data-element_type=\"widget\" data-e-type=\"widget\" data-widget_type=\"image.default\">\n\t\t\t\t<div class=\"elementor-widget-container\">\n\t\t\t\t\t\t\t\t\t\t\t\t\t\t\t<img loading=\"lazy\" decoding=\"async\" src=\"https:\/\/inol.uni.opole.pl\/wp-content\/uploads\/sites\/41\/elementor\/thumbs\/Marcinkiewicz-r41p7w96hyvj95755f1sj36u76kyph8eofnbp5floq.jpg\" alt=\"Marcinkiewicz\" title=\"Marcinkiewicz\" width=\"300\" height=\"449\" \/>\t\t\t\t\t\t\t\t\t\t\t\t\t\t\t<\/div>\n\t\t\t\t<\/div>\n\t\t\t\t<\/div>\n\t\t<div class=\"elementor-element elementor-element-a4bd8ba e-con-full e-flex e-con e-child\" data-id=\"a4bd8ba\" data-element_type=\"container\" data-e-type=\"container\" data-settings=\"{&quot;jet_parallax_layout_list&quot;:[]}\">\n\t\t\t\t<div class=\"elementor-element elementor-element-77fd05f elementor-widget elementor-widget-text-editor\" data-id=\"77fd05f\" data-element_type=\"widget\" data-e-type=\"widget\" data-widget_type=\"text-editor.default\">\n\t\t\t\t<div class=\"elementor-widget-container\">\n\t\t\t\t\t\t\t\t\t<p><strong>Pawe\u0142 Marcinkiewicz<\/strong><\/p>\n\t\t\t\t\t\t\t\t<\/div>\n\t\t\t\t<\/div>\n\t\t\t\t<div class=\"elementor-element elementor-element-ad5e0f7 elementor-widget elementor-widget-text-editor\" data-id=\"ad5e0f7\" data-element_type=\"widget\" data-e-type=\"widget\" data-widget_type=\"text-editor.default\">\n\t\t\t\t<div class=\"elementor-widget-container\">\n\t\t\t\t\t\t\t\t\t<h1 id=\"title\" class=\"a-spacing-none a-text-normal\"><span id=\"productTitle\" class=\"a-size-large celwidget\" data-csa-c-id=\"3gmh4b-i6xyt3-qofih4-9oetts\" data-cel-widget=\"productTitle\">Literature, Translation, and the Politics of Meaning: Polish, American, and German Literary Traditions<\/span><\/h1>\n\t\t\t\t\t\t\t\t<\/div>\n\t\t\t\t<\/div>\n\t\t\t\t<div class=\"elementor-element elementor-element-401dc7a elementor-widget elementor-widget-text-editor\" data-id=\"401dc7a\" data-element_type=\"widget\" data-e-type=\"widget\" data-widget_type=\"text-editor.default\">\n\t\t\t\t<div class=\"elementor-widget-container\">\n\t\t\t\t\t\t\t\t\t<p>Publisher: V &amp; R Unipress GmbH, 2024, B5 format, 232 pp., hardcover<\/p>\n<p>ISBN: 978-38-4711-644-8<\/p>\n\t\t\t\t\t\t\t\t<\/div>\n\t\t\t\t<\/div>\n\t\t\t\t<div class=\"elementor-element elementor-element-5650e95 elementor-widget elementor-widget-text-editor\" data-id=\"5650e95\" data-element_type=\"widget\" data-e-type=\"widget\" data-widget_type=\"text-editor.default\">\n\t\t\t\t<div class=\"elementor-widget-container\">\n\t\t\t\t\t\t\t\t\t<p>This book deals primarily with American avant-garde literature of the twentieth and twenty-first centuries, and the contemporary practice and politics of its translation into Polish, seeking to answer the following questions: What is the meaning and the limits of avant-gardism? What is the rationale behind literary translations and what is their life cycle within receiving literary polysystems? Furthermore: What is the importance of translation in shaping the politics of meaning\u2014our collective textual practices that determine our epistemological perspectives in literature and beyond? And finally: What are the consequences of implementing foreign modes of thinking and political practice in the receiving culture, both in the social sphere and in writing?<\/p>\n\t\t\t\t\t\t\t\t<\/div>\n\t\t\t\t<\/div>\n\t\t\t\t<\/div>\n\t\t\t\t\t<\/div>\n\t\t\t\t<\/div>\n\t\t<div class=\"elementor-element elementor-element-d82d2ea e-flex e-con-boxed e-con e-parent\" data-id=\"d82d2ea\" data-element_type=\"container\" data-e-type=\"container\" data-settings=\"{&quot;jet_parallax_layout_list&quot;:[]}\">\n\t\t\t\t\t<div class=\"e-con-inner\">\n\t\t\t\t\t<\/div>\n\t\t\t\t<\/div>\n\t\t<div class=\"elementor-element elementor-element-d92cfb0 e-flex e-con-boxed e-con e-parent\" data-id=\"d92cfb0\" data-element_type=\"container\" data-e-type=\"container\" data-settings=\"{&quot;jet_parallax_layout_list&quot;:[]}\">\n\t\t\t\t\t<div class=\"e-con-inner\">\n\t\t<div class=\"elementor-element elementor-element-43df7d4 e-con-full e-flex e-con e-child\" data-id=\"43df7d4\" data-element_type=\"container\" data-e-type=\"container\" data-settings=\"{&quot;jet_parallax_layout_list&quot;:[]}\">\n\t\t\t\t<div class=\"elementor-element elementor-element-ed50f1c elementor-widget elementor-widget-image\" data-id=\"ed50f1c\" data-element_type=\"widget\" data-e-type=\"widget\" data-widget_type=\"image.default\">\n\t\t\t\t<div class=\"elementor-widget-container\">\n\t\t\t\t\t\t\t\t\t\t\t\t\t\t\t<img loading=\"lazy\" decoding=\"async\" src=\"https:\/\/inol.uni.opole.pl\/wp-content\/uploads\/sites\/41\/elementor\/thumbs\/Modrzejewska-Szacunek-i-pogarda_okladka-d-scaled-r3r7hx3zj29s170ms48y0znqyj9y5r7ksp8qsxadgu.jpg\" alt=\"Modrzejewska - Szacunek i pogarda_okladka d\" title=\"Modrzejewska &#8211; Szacunek i pogarda_okladka d\" width=\"300\" height=\"427\" \/>\t\t\t\t\t\t\t\t\t\t\t\t\t\t\t<\/div>\n\t\t\t\t<\/div>\n\t\t\t\t<\/div>\n\t\t<div class=\"elementor-element elementor-element-5ed31da e-con-full e-flex e-con e-child\" data-id=\"5ed31da\" data-element_type=\"container\" data-e-type=\"container\" data-settings=\"{&quot;jet_parallax_layout_list&quot;:[]}\">\n\t\t\t\t<div class=\"elementor-element elementor-element-877a1bd elementor-widget elementor-widget-text-editor\" data-id=\"877a1bd\" data-element_type=\"widget\" data-e-type=\"widget\" data-widget_type=\"text-editor.default\">\n\t\t\t\t<div class=\"elementor-widget-container\">\n\t\t\t\t\t\t\t\t\t<p><strong>Modrzejewska Krystyna<\/strong><\/p>\n\t\t\t\t\t\t\t\t<\/div>\n\t\t\t\t<\/div>\n\t\t\t\t<div class=\"elementor-element elementor-element-3f2c5f3 elementor-widget elementor-widget-text-editor\" data-id=\"3f2c5f3\" data-element_type=\"widget\" data-e-type=\"widget\" data-widget_type=\"text-editor.default\">\n\t\t\t\t<div class=\"elementor-widget-container\">\n\t\t\t\t\t\t\t\t\t<p><strong>Respect and Contempt. Essays on French Literature (STUDIES AND MONOGRAPHS NO. 632)<\/strong><\/p>\n\t\t\t\t\t\t\t\t<\/div>\n\t\t\t\t<\/div>\n\t\t\t\t<div class=\"elementor-element elementor-element-d14490b elementor-widget elementor-widget-text-editor\" data-id=\"d14490b\" data-element_type=\"widget\" data-e-type=\"widget\" data-widget_type=\"text-editor.default\">\n\t\t\t\t<div class=\"elementor-widget-container\">\n\t\t\t\t\t\t\t\t\t<p>University of Opole Press, 2023, B5 format, 198 pp., softcover<\/p>\n<p>ISBN: 978-83-7395-996-5<\/p>\n\t\t\t\t\t\t\t\t<\/div>\n\t\t\t\t<\/div>\n\t\t\t\t<div class=\"elementor-element elementor-element-391fb3c elementor-widget elementor-widget-text-editor\" data-id=\"391fb3c\" data-element_type=\"widget\" data-e-type=\"widget\" data-widget_type=\"text-editor.default\">\n\t\t\t\t<div class=\"elementor-widget-container\">\n\t\t\t\t\t\t\t\t\t<p>The book \u201cis aimed at a wide audience with an interest in the humanities, and at lovers of French literature in particular. [\u2026] The author guides the reader through a dozen or so masterpieces of French literature [\u2026] with the erudite pen [\u2026] of an expert, [\u2026] who moves with great ease through the realm of French novels and theater from various eras, from the Middle Ages to the present day. She does so in accordance with the current state of knowledge, while not hiding her own reflections or conclusions drawn from her own and others\u2019 readings. Krystyna Modrzejewska skillfully connects Montaigne\u2019s reflections with the works of philosopher Bernard-Henri L\u00e9vy, Moli\u00e8re\u2019s comedies with Baudrillard\u2019s art of seduction, C\u00e9line\u2019s fictional world with Kristeva\u2019s \u201cpower of disgust,\u201d , the relationships in Genet\u2019s theater with sociologist Erving Goffman\u2019s \u201cinteraction ritual,\u201d and Beckett\u2019s visions with Zygmunt Bauman\u2019s \u201cretrotopia.\u201d To explain certain historical and literary phenomena of 17th-century France, for example, she draws on the contemporary works of Pierre Bourdieu and Marco Fumaroli. The intellectual horizons of this Opole-based Romanist are truly broad here. Her analyses of literary works are always firmly grounded in historical, political, and social contexts, which enhances the didactic value of the study\u201d<\/p>\n<p>(from a review by Prof. Wies\u0142aw Malinowski, Ph.D., Adam Mickiewicz University).<\/p>\n\t\t\t\t\t\t\t\t<\/div>\n\t\t\t\t<\/div>\n\t\t\t\t<\/div>\n\t\t\t\t\t<\/div>\n\t\t\t\t<\/div>\n\t\t<div class=\"elementor-element elementor-element-f19675d e-flex e-con-boxed e-con e-parent\" data-id=\"f19675d\" data-element_type=\"container\" data-e-type=\"container\" data-settings=\"{&quot;jet_parallax_layout_list&quot;:[]}\">\n\t\t\t\t\t<div class=\"e-con-inner\">\n\t\t\t\t\t<\/div>\n\t\t\t\t<\/div>\n\t\t<div class=\"elementor-element elementor-element-f81b144 e-flex e-con-boxed e-con e-parent\" data-id=\"f81b144\" data-element_type=\"container\" data-e-type=\"container\" data-settings=\"{&quot;jet_parallax_layout_list&quot;:[]}\">\n\t\t\t\t\t<div class=\"e-con-inner\">\n\t\t<div class=\"elementor-element elementor-element-26a71b4 e-con-full e-flex e-con e-child\" data-id=\"26a71b4\" data-element_type=\"container\" data-e-type=\"container\" data-settings=\"{&quot;jet_parallax_layout_list&quot;:[]}\">\n\t\t\t\t<div class=\"elementor-element elementor-element-556fd39 elementor-widget elementor-widget-image\" data-id=\"556fd39\" data-element_type=\"widget\" data-e-type=\"widget\" data-widget_type=\"image.default\">\n\t\t\t\t<div class=\"elementor-widget-container\">\n\t\t\t\t\t\t\t\t\t\t\t\t\t\t\t<img loading=\"lazy\" decoding=\"async\" src=\"https:\/\/inol.uni.opole.pl\/wp-content\/uploads\/sites\/41\/elementor\/thumbs\/Brzozowska-r3r9vcnwoz7z9ax7x1o8nfjyna6xredb7jth2am83k.jpg\" alt=\"Brzozowska\" title=\"Brzozowska\" width=\"300\" height=\"448\" \/>\t\t\t\t\t\t\t\t\t\t\t\t\t\t\t<\/div>\n\t\t\t\t<\/div>\n\t\t\t\t<\/div>\n\t\t<div class=\"elementor-element elementor-element-7adaf80 e-con-full e-flex e-con e-child\" data-id=\"7adaf80\" data-element_type=\"container\" data-e-type=\"container\" data-settings=\"{&quot;jet_parallax_layout_list&quot;:[]}\">\n\t\t\t\t<div class=\"elementor-element elementor-element-49a3d58 elementor-widget elementor-widget-text-editor\" data-id=\"49a3d58\" data-element_type=\"widget\" data-e-type=\"widget\" data-widget_type=\"text-editor.default\">\n\t\t\t\t<div class=\"elementor-widget-container\">\n\t\t\t\t\t\t\t\t\t<p><strong>Sabina Brzozowska<\/strong><\/p>\n\t\t\t\t\t\t\t\t<\/div>\n\t\t\t\t<\/div>\n\t\t\t\t<div class=\"elementor-element elementor-element-942fa95 elementor-widget elementor-widget-text-editor\" data-id=\"942fa95\" data-element_type=\"widget\" data-e-type=\"widget\" data-widget_type=\"text-editor.default\">\n\t\t\t\t<div class=\"elementor-widget-container\">\n\t\t\t\t\t\t\t\t\t<p>The Dramaturgy of Tadeusz Rittner \u2013 Revisions<\/p>\n\t\t\t\t\t\t\t\t<\/div>\n\t\t\t\t<\/div>\n\t\t\t\t<div class=\"elementor-element elementor-element-33d7714 elementor-widget elementor-widget-text-editor\" data-id=\"33d7714\" data-element_type=\"widget\" data-e-type=\"widget\" data-widget_type=\"text-editor.default\">\n\t\t\t\t<div class=\"elementor-widget-container\">\n\t\t\t\t\t\t\t\t\t<p>Krak\u00f3w: Universitas, 2023, B5 format, 324 pp., softcover<\/p>\n<p>ISBN 978-83-242-3995-5<\/p>\n\t\t\t\t\t\t\t\t<\/div>\n\t\t\t\t<\/div>\n\t\t\t\t<div class=\"elementor-element elementor-element-673560e elementor-widget elementor-widget-text-editor\" data-id=\"673560e\" data-element_type=\"widget\" data-e-type=\"widget\" data-widget_type=\"text-editor.default\">\n\t\t\t\t<div class=\"elementor-widget-container\">\n\t\t\t\t\t\t\t\t\t<p>Tadeusz Rittner had long \u201cwaited\u201d for such a monograph. Sabina Brzozowska has for some time devoted her research attention to the work of this underappreciated playwright. The monograph *The Dramaturgy of Tadeusz Rittner \u2013 Revisions*, the result of her multifaceted scholarly explorations, offers a substantively excellent proposal for new interpretations of Rittner\u2019s works, revising in many areas the former (now outdated) conclusions of Zbigniew Raszewski. Brzozowska\u2019s book demonstrates a very high academic standard, contributes immensely to knowledge of the subject, reveals an excellent combination of historical-literary and historical-cultural expertise as well as knowledge in the field of Polish and foreign theater history, and further serves as a model example of scholarly narrative written in masterful language.<\/p>\n<p>From a review by Prof. Tomasz Sobieraj, Ph.D.<\/p>\n\t\t\t\t\t\t\t\t<\/div>\n\t\t\t\t<\/div>\n\t\t\t\t<\/div>\n\t\t\t\t\t<\/div>\n\t\t\t\t<\/div>\n\t\t<div class=\"elementor-element elementor-element-34049da e-flex e-con-boxed e-con e-parent\" data-id=\"34049da\" data-element_type=\"container\" data-e-type=\"container\" data-settings=\"{&quot;jet_parallax_layout_list&quot;:[]}\">\n\t\t\t\t\t<div class=\"e-con-inner\">\n\t\t\t\t\t<\/div>\n\t\t\t\t<\/div>\n\t\t<div class=\"elementor-element elementor-element-fe686e2 e-flex e-con-boxed e-con e-parent\" data-id=\"fe686e2\" data-element_type=\"container\" data-e-type=\"container\" data-settings=\"{&quot;jet_parallax_layout_list&quot;:[]}\">\n\t\t\t\t\t<div class=\"e-con-inner\">\n\t\t<div class=\"elementor-element elementor-element-5efb8d8 e-con-full e-flex e-con e-child\" data-id=\"5efb8d8\" data-element_type=\"container\" data-e-type=\"container\" data-settings=\"{&quot;jet_parallax_layout_list&quot;:[]}\">\n\t\t\t\t<div class=\"elementor-element elementor-element-4c87ffc elementor-widget elementor-widget-image\" data-id=\"4c87ffc\" data-element_type=\"widget\" data-e-type=\"widget\" data-widget_type=\"image.default\">\n\t\t\t\t<div class=\"elementor-widget-container\">\n\t\t\t\t\t\t\t\t\t\t\t\t\t\t\t<img loading=\"lazy\" decoding=\"async\" src=\"https:\/\/inol.uni.opole.pl\/wp-content\/uploads\/sites\/41\/elementor\/thumbs\/Sublingualis-okladka-RGB-300-qxmtmfm2hcq6rz98z0uu1kmko7d924ndfhzupa5ape.jpg\" alt=\"Sublingualis-ok\u0142adka RGB 300\" title=\"Sublingualis-ok\u0142adka RGB 300\" width=\"300\" height=\"421\" \/>\t\t\t\t\t\t\t\t\t\t\t\t\t\t\t<\/div>\n\t\t\t\t<\/div>\n\t\t\t\t<\/div>\n\t\t<div class=\"elementor-element elementor-element-2c5f59e e-con-full e-flex e-con e-child\" data-id=\"2c5f59e\" data-element_type=\"container\" data-e-type=\"container\" data-settings=\"{&quot;jet_parallax_layout_list&quot;:[]}\">\n\t\t\t\t<div class=\"elementor-element elementor-element-7284348 elementor-widget elementor-widget-text-editor\" data-id=\"7284348\" data-element_type=\"widget\" data-e-type=\"widget\" data-widget_type=\"text-editor.default\">\n\t\t\t\t<div class=\"elementor-widget-container\">\n\t\t\t\t\t\t\t\t\t<p><strong>Beata Koper<br \/><\/strong><\/p>\n\t\t\t\t\t\t\t\t<\/div>\n\t\t\t\t<\/div>\n\t\t\t\t<div class=\"elementor-element elementor-element-5de4d0a elementor-widget elementor-widget-text-editor\" data-id=\"5de4d0a\" data-element_type=\"widget\" data-e-type=\"widget\" data-widget_type=\"text-editor.default\">\n\t\t\t\t<div class=\"elementor-widget-container\">\n\t\t\t\t\t\t\t\t\t<p>\u201c<em>Sublingualis<\/em>. Problems and Poetics of Medical Discourse in Polish Literature after 1989\u201d<\/p>\n\t\t\t\t\t\t\t\t<\/div>\n\t\t\t\t<\/div>\n\t\t\t\t<div class=\"elementor-element elementor-element-a2e61ae elementor-widget elementor-widget-text-editor\" data-id=\"a2e61ae\" data-element_type=\"widget\" data-e-type=\"widget\" data-widget_type=\"text-editor.default\">\n\t\t\t\t<div class=\"elementor-widget-container\">\n\t\t\t\t\t\t\t\t\t<p>Gda\u0144sk: Fundacja Terytoria Ksi\u0105\u017cki, 2024, B5 format, 196 pp., hardcover<\/p>\n<p>ISBN 978-83-7908-285-8<\/p>\n\t\t\t\t\t\t\t\t<\/div>\n\t\t\t\t<\/div>\n\t\t\t\t<div class=\"elementor-element elementor-element-a8f52da elementor-widget elementor-widget-text-editor\" data-id=\"a8f52da\" data-element_type=\"widget\" data-e-type=\"widget\" data-widget_type=\"text-editor.default\">\n\t\t\t\t<div class=\"elementor-widget-container\">\n\t\t\t\t\t\t\t\t\t<p>In her book, the author examines Polish literature produced after 1989 to explore the language used to express experiences in areas dominated by medicine. By analyzing, among others, texts by Jolanta Brach-Czaina, Anna Nasi\u0142owska, Manuela Gretkowska, Justyna Bargielska, Jacek Baczak, Andrzej Szczeklik, Ma\u0142gorzata Baranowska, Jakub Ma\u0142ecki, Dominika Dymi\u0144ska, Joanna Bator, and Izabela Morska, she writes about illness and treatment, old age and death, miscarriage and childbirth.<\/p>\n<p>The influence of medical discourse on language is reflected in the title term\u2014<em>sublingualis<\/em>\u2014taken from the dictionary of anatomy and pharmacology, which means \u201csublingual\u201d and is used to describe the method of taking medication. Sublingual tablets are placed on the floor of the mouth and left to dissolve. It is a term that\u2014taken out of its medical context\u2014sparks the imagination. The hidden tablet dissolves and, without our will, penetrates the body. What is active lies outside of us. We remain passive, though we sometimes feel the effects of the medicine, both the desired and the side effects. The sublingual is invisible, yet discoverable. <em>Sublingualis<\/em> is a word that captures the functioning of medical discourse in literature and in reality. It is a sublingual tablet that turns out to be a pharmakon. It enriches our language (speech) with new vocabulary, while simultaneously appropriating the entire narrative of experience.<\/p>\n<p>The Ars Medica Ac Humanitas series is published by the s\u0142owo\/obraz terytoria publishing house and the Terytoria Ksi\u0105\u017cki Foundation.<\/p>\n<p>Project co-financed from the state budget, allocated by the Minister of Education and Science under the \u201cExcellent Science II\u201d Program.<\/p>\n\t\t\t\t\t\t\t\t<\/div>\n\t\t\t\t<\/div>\n\t\t\t\t<\/div>\n\t\t\t\t\t<\/div>\n\t\t\t\t<\/div>\n\t\t<div class=\"elementor-element elementor-element-b0213da e-flex e-con-boxed e-con e-parent\" data-id=\"b0213da\" data-element_type=\"container\" data-e-type=\"container\" data-settings=\"{&quot;jet_parallax_layout_list&quot;:[]}\">\n\t\t\t\t\t<div class=\"e-con-inner\">\n\t\t\t\t\t<\/div>\n\t\t\t\t<\/div>\n\t\t<div class=\"elementor-element elementor-element-1887b15 e-flex e-con-boxed e-con e-parent\" data-id=\"1887b15\" data-element_type=\"container\" data-e-type=\"container\" data-settings=\"{&quot;jet_parallax_layout_list&quot;:[]}\">\n\t\t\t\t\t<div class=\"e-con-inner\">\n\t\t<div class=\"elementor-element elementor-element-50c7380 e-con-full e-flex e-con e-child\" data-id=\"50c7380\" data-element_type=\"container\" data-e-type=\"container\" data-settings=\"{&quot;jet_parallax_layout_list&quot;:[]}\">\n\t\t\t\t<div class=\"elementor-element elementor-element-cefba1b elementor-widget elementor-widget-image\" data-id=\"cefba1b\" data-element_type=\"widget\" data-e-type=\"widget\" data-widget_type=\"image.default\">\n\t\t\t\t<div class=\"elementor-widget-container\">\n\t\t\t\t\t\t\t\t\t\t\t\t\t\t\t<img loading=\"lazy\" decoding=\"async\" src=\"https:\/\/inol.uni.opole.pl\/wp-content\/uploads\/sites\/41\/elementor\/thumbs\/Kuznicki-Na-stykach-okladka-d-scaled-r3r74hyxy7we9mif5bepfdktmhfa9bxjm9x64p6qb2.jpg\" alt=\"Kuznicki - Na stykach - okladka d\" title=\"Kuznicki &#8211; Na stykach &#8211; okladka d\" width=\"300\" height=\"427\" \/>\t\t\t\t\t\t\t\t\t\t\t\t\t\t\t<\/div>\n\t\t\t\t<\/div>\n\t\t\t\t<\/div>\n\t\t<div class=\"elementor-element elementor-element-8039020 e-con-full e-flex e-con e-child\" data-id=\"8039020\" data-element_type=\"container\" data-e-type=\"container\" data-settings=\"{&quot;jet_parallax_layout_list&quot;:[]}\">\n\t\t\t\t<div class=\"elementor-element elementor-element-d63e485 elementor-widget elementor-widget-text-editor\" data-id=\"d63e485\" data-element_type=\"widget\" data-e-type=\"widget\" data-widget_type=\"text-editor.default\">\n\t\t\t\t<div class=\"elementor-widget-container\">\n\t\t\t\t\t\t\t\t\t<p><strong>Ku\u017anicki S\u0142awomir<\/strong><\/p>\n\t\t\t\t\t\t\t\t<\/div>\n\t\t\t\t<\/div>\n\t\t\t\t<div class=\"elementor-element elementor-element-554dff0 elementor-widget elementor-widget-text-editor\" data-id=\"554dff0\" data-element_type=\"widget\" data-e-type=\"widget\" data-widget_type=\"text-editor.default\">\n\t\t\t\t<div class=\"elementor-widget-container\">\n\t\t\t\t\t\t\t\t\t<p><strong>Sparks Fly at the Intersections: Literary Contexts of Rock (Studies and Monographs No. 630)<\/strong><\/p>\n\t\t\t\t\t\t\t\t<\/div>\n\t\t\t\t<\/div>\n\t\t\t\t<div class=\"elementor-element elementor-element-67747e7 elementor-widget elementor-widget-text-editor\" data-id=\"67747e7\" data-element_type=\"widget\" data-e-type=\"widget\" data-widget_type=\"text-editor.default\">\n\t\t\t\t<div class=\"elementor-widget-container\">\n\t\t\t\t\t\t\t\t\t<p>University of Opole Press, Format: B5, Year of publication: 2023, p. 274, Binding: softcover<\/p>\n<p>ISBN: 978-83-8332-005-2<\/p>\n\t\t\t\t\t\t\t\t<\/div>\n\t\t\t\t<\/div>\n\t\t\t\t<div class=\"elementor-element elementor-element-94bef30 elementor-widget elementor-widget-text-editor\" data-id=\"94bef30\" data-element_type=\"widget\" data-e-type=\"widget\" data-widget_type=\"text-editor.default\">\n\t\t\t\t<div class=\"elementor-widget-container\">\n\t\t\t\t\t\t\t\t\t<p>David Bowie and dystopian literature; Nick Cave and the four stages of trauma; Lou Reed and the politics of sexual transgression (inspired by the plays of Frank Wedekind); P.J. Harvey and socio-political photographic poetry; Maciej Male\u0144czuk and his reinterpretations of Emily Dickinson\u2019s poetry; Swans and the search for metaphysics in the spirit of William Blake; Prince and the utopian projections of Jehovah\u2019s Witnesses; Queen and the visual arts of Richard Dadd and Grandville; The Beatles and Charles Manson\u2019s sick pseudo-philosophy (and the influence of both on Nine Inch Nails); Nina Simone and the politics of racial and gender equality; Peaches and her hypersexual subversion of male-dominated sexist culture\u2014these are the themes explored in the book <em>Sparks Fly at the Intersections: Literary Contexts of Rock<\/em>. These are topics directly related to rock music, but approached from a literary perspective, while remaining open to the broader cultural context in which both music and literature operate.<\/p>\n<p>At the same time, this book is indeed situated at the intersections where sparks fly. Thus, there are intersections concerning the aforementioned relationship between rock and literature (and culture), taking into account points of divergence such as issues of identity, spirituality, or sexuality. At the same time, however, there are also points of contact here that encompass the author\u2019s approach to the analyzed issue\u2014these spark no less than the first ones. They can be situated somewhere between openness to the external context\u2014inspired by Edward W. Said\u2014and passion. Yes, this book was not written solely out of a sense of duty understood as the author\u2019s mission toward his readers. <em>Sparks at the Intersections: Literary Contexts of Rock<\/em> is also the fruit of the emotionally engaged passion that characterizes the author\u2019s attitude toward the subject. For, as Nicholas Cook notes, \u201cMusic is not detached from reality; it is, in fact, at its very center, for people it is not so much one of many things as a way of knowing the world, a way of being oneself.\u201d<\/p>\n\t\t\t\t\t\t\t\t<\/div>\n\t\t\t\t<\/div>\n\t\t\t\t<\/div>\n\t\t\t\t\t<\/div>\n\t\t\t\t<\/div>\n\t\t<div class=\"elementor-element elementor-element-59f743c e-flex e-con-boxed e-con e-parent\" data-id=\"59f743c\" data-element_type=\"container\" data-e-type=\"container\" data-settings=\"{&quot;jet_parallax_layout_list&quot;:[]}\">\n\t\t\t\t\t<div class=\"e-con-inner\">\n\t\t\t\t\t<\/div>\n\t\t\t\t<\/div>\n\t\t<div class=\"elementor-element elementor-element-55175fab e-flex e-con-boxed e-con e-parent\" data-id=\"55175fab\" data-element_type=\"container\" data-e-type=\"container\" data-settings=\"{&quot;jet_parallax_layout_list&quot;:[]}\">\n\t\t\t\t\t<div class=\"e-con-inner\">\n\t\t<div class=\"elementor-element elementor-element-7ec6a66 e-con-full e-flex e-con e-child\" data-id=\"7ec6a66\" data-element_type=\"container\" data-e-type=\"container\" data-settings=\"{&quot;jet_parallax_layout_list&quot;:[]}\">\n\t\t\t\t<div class=\"elementor-element elementor-element-6b1480e7 elementor-widget elementor-widget-image\" data-id=\"6b1480e7\" data-element_type=\"widget\" data-e-type=\"widget\" data-widget_type=\"image.default\">\n\t\t\t\t<div class=\"elementor-widget-container\">\n\t\t\t\t\t\t\t\t\t\t\t\t\t\t\t<img loading=\"lazy\" decoding=\"async\" src=\"https:\/\/inol.uni.opole.pl\/wp-content\/uploads\/sites\/41\/elementor\/thumbs\/0001508_Koper_-_Imienniczki_migreny_FB.jpg_550-qum8mud12wqojk4fwh726oic5k16gxr0ee9v42f0si.jpeg\" alt=\"0001508_Koper_-_Imienniczki_migreny_FB.jpg_550\" title=\"0001508_Koper_-_Imienniczki_migreny_FB.jpg_550\" width=\"300\" height=\"429\" \/>\t\t\t\t\t\t\t\t\t\t\t\t\t\t\t<\/div>\n\t\t\t\t<\/div>\n\t\t\t\t<\/div>\n\t\t<div class=\"elementor-element elementor-element-27c8b8a8 e-con-full e-flex e-con e-child\" data-id=\"27c8b8a8\" data-element_type=\"container\" data-e-type=\"container\" data-settings=\"{&quot;jet_parallax_layout_list&quot;:[]}\">\n\t\t\t\t<div class=\"elementor-element elementor-element-4751d45e elementor-widget elementor-widget-text-editor\" data-id=\"4751d45e\" data-element_type=\"widget\" data-e-type=\"widget\" data-widget_type=\"text-editor.default\">\n\t\t\t\t<div class=\"elementor-widget-container\">\n\t\t\t\t\t\t\t\t\t<p><strong>Beata Koper<\/strong><\/p>\n\t\t\t\t\t\t\t\t<\/div>\n\t\t\t\t<\/div>\n\t\t\t\t<div class=\"elementor-element elementor-element-5ca96f0 elementor-widget elementor-widget-text-editor\" data-id=\"5ca96f0\" data-element_type=\"widget\" data-e-type=\"widget\" data-widget_type=\"text-editor.default\">\n\t\t\t\t<div class=\"elementor-widget-container\">\n\t\t\t\t\t\t\t\t\t<p><strong>Migraine Namesakes. Essays on Literature<\/strong><\/p>\n\t\t\t\t\t\t\t\t<\/div>\n\t\t\t\t<\/div>\n\t\t\t\t<div class=\"elementor-element elementor-element-52534611 elementor-widget elementor-widget-text-editor\" data-id=\"52534611\" data-element_type=\"widget\" data-e-type=\"widget\" data-widget_type=\"text-editor.default\">\n\t\t\t\t<div class=\"elementor-widget-container\">\n\t\t\t\t\t\t\t\t\t<p>University of Opole Press, Format: B5, Year of publication: 2024, Binding: softcover<\/p>\n<p>ISBN: 978-83-8332-033-5<\/p>\n\t\t\t\t\t\t\t\t<\/div>\n\t\t\t\t<\/div>\n\t\t\t\t<div class=\"elementor-element elementor-element-48fce711 elementor-widget elementor-widget-text-editor\" data-id=\"48fce711\" data-element_type=\"widget\" data-e-type=\"widget\" data-widget_type=\"text-editor.default\">\n\t\t\t\t<div class=\"elementor-widget-container\">\n\t\t\t\t\t\t\t\t\t<p>In literature, there appear heroines and heroes who do not play the social roles assigned to them, who rebel against established rules, who refuse to submit to the norms set by society and accepted as natural law. They are melancholics, dreamers, madwomen and madmen, suicides. With an absent gaze, they look beyond the horizon; their thoughts are elsewhere; they seek a language to express the inexpressible, or they completely renounce an existence they can no longer bear. Among them we also find women with migraines. Culture has cemented their image as women lying on chaise longues, hidden in boudoirs, resting in alcoves. Their hands touch their foreheads in a characteristic gesture. They are also often afflicted by <em>globus<\/em> <em>histericus<\/em>\u2014the most famous ailment of ladies. [\u2026]<\/p>\n<p>In the first part of the book, I present a general overview of the history of migraine from two perspectives\u2014medical and literary. In the three subsequent parts, I take the liberty of offering biographical and literary close-ups. The protagonists of these stories are Emilia Korczy\u0144ska, a character from Eliza Orzeszkowa\u2019s novel *Nad Niemnem*, Virginia Woolf, the English novelist, and S\u0142odka Darusia from Maria Matios\u2019s novel. Namesakes of the migraine. And though one of them lived in reality, while the other two exist only in our imagination, they are all invariably associated with headaches. [\u2026]<\/p>\n\t\t\t\t\t\t\t\t<\/div>\n\t\t\t\t<\/div>\n\t\t\t\t<\/div>\n\t\t\t\t\t<\/div>\n\t\t\t\t<\/div>\n\t\t<div class=\"elementor-element elementor-element-20488339 e-flex e-con-boxed e-con e-parent\" data-id=\"20488339\" data-element_type=\"container\" data-e-type=\"container\" data-settings=\"{&quot;jet_parallax_layout_list&quot;:[]}\">\n\t\t\t\t\t<div class=\"e-con-inner\">\n\t\t\t\t\t<\/div>\n\t\t\t\t<\/div>\n\t\t<div class=\"elementor-element elementor-element-de842e7 e-flex e-con-boxed e-con e-parent\" data-id=\"de842e7\" data-element_type=\"container\" data-e-type=\"container\" data-settings=\"{&quot;jet_parallax_layout_list&quot;:[]}\">\n\t\t\t\t\t<div class=\"e-con-inner\">\n\t\t<div class=\"elementor-element elementor-element-eb1b7fc e-con-full e-flex e-con e-child\" data-id=\"eb1b7fc\" data-element_type=\"container\" data-e-type=\"container\" data-settings=\"{&quot;jet_parallax_layout_list&quot;:[]}\">\n\t\t\t\t<div class=\"elementor-element elementor-element-0108e0a elementor-widget elementor-widget-image\" data-id=\"0108e0a\" data-element_type=\"widget\" data-e-type=\"widget\" data-widget_type=\"image.default\">\n\t\t\t\t<div class=\"elementor-widget-container\">\n\t\t\t\t\t\t\t\t\t\t\t\t\t\t\t<img loading=\"lazy\" decoding=\"async\" src=\"https:\/\/inol.uni.opole.pl\/wp-content\/uploads\/sites\/41\/elementor\/thumbs\/Dybizbanski-Dramat-dziewietnastowieczny_okladka-r3r6c0h0tywkf1w0hi4qd2cxj3ttzjue1a6fjtf8uy.jpg\" alt=\"Dybizbanski - Dramat dziewietnastowieczny_okladka\" title=\"Dybizbanski &#8211; Dramat dziewietnastowieczny_okladka\" width=\"300\" height=\"425\" \/>\t\t\t\t\t\t\t\t\t\t\t\t\t\t\t<\/div>\n\t\t\t\t<\/div>\n\t\t\t\t<\/div>\n\t\t<div class=\"elementor-element elementor-element-35155df e-con-full e-flex e-con e-child\" data-id=\"35155df\" data-element_type=\"container\" data-e-type=\"container\" data-settings=\"{&quot;jet_parallax_layout_list&quot;:[]}\">\n\t\t\t\t<div class=\"elementor-element elementor-element-877f67a elementor-widget elementor-widget-text-editor\" data-id=\"877f67a\" data-element_type=\"widget\" data-e-type=\"widget\" data-widget_type=\"text-editor.default\">\n\t\t\t\t<div class=\"elementor-widget-container\">\n\t\t\t\t\t\t\t\t\t<p><strong>Dybizba\u0144ski Marek<\/strong><\/p>\n\t\t\t\t\t\t\t\t<\/div>\n\t\t\t\t<\/div>\n\t\t\t\t<div class=\"elementor-element elementor-element-6527f05 elementor-widget elementor-widget-text-editor\" data-id=\"6527f05\" data-element_type=\"widget\" data-e-type=\"widget\" data-widget_type=\"text-editor.default\">\n\t\t\t\t<div class=\"elementor-widget-container\">\n\t\t\t\t\t\t\t\t\t<p><strong>Nineteenth-Century Drama in the Network of Manuscripts<\/strong><\/p>\n\t\t\t\t\t\t\t\t<\/div>\n\t\t\t\t<\/div>\n\t\t\t\t<div class=\"elementor-element elementor-element-4d092e9 elementor-widget elementor-widget-text-editor\" data-id=\"4d092e9\" data-element_type=\"widget\" data-e-type=\"widget\" data-widget_type=\"text-editor.default\">\n\t\t\t\t<div class=\"elementor-widget-container\">\n\t\t\t\t\t\t\t\t\t<p>University of Opole Press, Format: B5, Year of publication: 2023, p. 296, Binding: softcover<\/p>\n<p>ISBN: 978-83-8332-014-4<\/p>\n\t\t\t\t\t\t\t\t<\/div>\n\t\t\t\t<\/div>\n\t\t\t\t<div class=\"elementor-element elementor-element-1c1d654 elementor-widget elementor-widget-text-editor\" data-id=\"1c1d654\" data-element_type=\"widget\" data-e-type=\"widget\" data-widget_type=\"text-editor.default\">\n\t\t\t\t<div class=\"elementor-widget-container\">\n\t\t\t\t\t\t\t\t\t<p>Marek Dybizba\u0144ski\u2019s publication is an extraordinary book. Written by an outstanding expert on 19th-century theater and drama, as well as a researcher in the fields of textual genetics and comparative mythology, it explores unknown, often overlooked areas of professional reading of dramatic manuscripts. The subject of the work are unfinished plays or those existing in various versions, with a structure that is either unformed or unclear, posing a challenge for editors and readers, as well as theater professionals. The protagonists of the book are: Juliusz S\u0142owacki, Mieczys\u0142aw Romanowski, Felicjan Fale\u0144ski, Cyprian Norwid, Adam Asnyk, Henryk Sienkiewicz, Teofil Lenartowicz, W\u0142adys\u0142aw Reymont, and Stefan \u017beromski. Together with the author, we examine dramatic works in close proximity to the manuscript, from a close perspective that reveals the creative process\u2014or rather, the process of crystallization and transformation of dramatic forms. The author\u2019s argument is characterized by precision and discipline of analysis, consistency of execution, interpretive caution, and at the same time\u2014paradoxically\u2014the courage to tackle the most difficult topics.<\/p>\n<p><em>Prof. Maria Kalinowska, Ph.D. (University of Warsaw)<\/em><\/p>\n<p>Marek Dybizba\u0144ski\u2019s book consists of a sequence of chapters on individual works, which, through a deeply considered and precisely constructed interpretation, reveal new meanings important for understanding a given work, the writer\u2019s oeuvre, or broader processes. The author repeatedly corrects existing bibliographical and literary-historical findings, which in itself lends his work great value. Yet this is only the beginning, because the other side of eliminating errors is uncovering the true state of affairs, establishing the facts. In subsequent studies, the researcher reports on many such discoveries and the stages of painstaking research that led to them. The reader agrees to endure these hardships not only to share in these discoveries. The author captivates the reader with the strength, reliability, and elegance of his argument. At their climax, Dybizba\u0144ski\u2019s analyses reach a level of incredible virtuosity. His reflections strike the reader with the accuracy of his observations and phrasing.<\/p>\n<p><em>Prof. Rados\u0142aw Okulicz-Kozaryn, Ph.D. (Adam Mickiewicz University)<\/em><\/p>\n\t\t\t\t\t\t\t\t<\/div>\n\t\t\t\t<\/div>\n\t\t\t\t<\/div>\n\t\t\t\t\t<\/div>\n\t\t\t\t<\/div>\n\t\t<div class=\"elementor-element elementor-element-062fdbe e-flex e-con-boxed e-con e-parent\" data-id=\"062fdbe\" data-element_type=\"container\" data-e-type=\"container\" data-settings=\"{&quot;jet_parallax_layout_list&quot;:[]}\">\n\t\t\t\t\t<div class=\"e-con-inner\">\n\t\t\t\t\t<\/div>\n\t\t\t\t<\/div>\n\t\t<div class=\"elementor-element elementor-element-29729343 e-flex e-con-boxed e-con e-parent\" data-id=\"29729343\" data-element_type=\"container\" data-e-type=\"container\" data-settings=\"{&quot;jet_parallax_layout_list&quot;:[]}\">\n\t\t\t\t\t<div class=\"e-con-inner\">\n\t\t<div class=\"elementor-element elementor-element-689dcba8 e-con-full e-flex e-con e-child\" data-id=\"689dcba8\" data-element_type=\"container\" data-e-type=\"container\" data-settings=\"{&quot;jet_parallax_layout_list&quot;:[]}\">\n\t\t\t\t<div class=\"elementor-element elementor-element-3d8716c9 elementor-widget elementor-widget-image\" data-id=\"3d8716c9\" data-element_type=\"widget\" data-e-type=\"widget\" data-widget_type=\"image.default\">\n\t\t\t\t<div class=\"elementor-widget-container\">\n\t\t\t\t\t\t\t\t\t\t\t\t\t\t\t<img loading=\"lazy\" decoding=\"async\" src=\"https:\/\/inol.uni.opole.pl\/wp-content\/uploads\/sites\/41\/elementor\/thumbs\/Glen-1-r3rcffwo9naapz5n6cpefoyptaaivuyljcr0p82ooq.png\" alt=\"Gle\u0144 1\" title=\"Gle\u0144 1\" width=\"300\" height=\"473\" \/>\t\t\t\t\t\t\t\t\t\t\t\t\t\t\t<\/div>\n\t\t\t\t<\/div>\n\t\t\t\t<\/div>\n\t\t<div class=\"elementor-element elementor-element-1d8b0048 e-con-full e-flex e-con e-child\" data-id=\"1d8b0048\" data-element_type=\"container\" data-e-type=\"container\" data-settings=\"{&quot;jet_parallax_layout_list&quot;:[]}\">\n\t\t\t\t<div class=\"elementor-element elementor-element-f0b793d elementor-widget elementor-widget-text-editor\" data-id=\"f0b793d\" data-element_type=\"widget\" data-e-type=\"widget\" data-widget_type=\"text-editor.default\">\n\t\t\t\t<div class=\"elementor-widget-container\">\n\t\t\t\t\t\t\t\t\t<p><strong>Adrian Gle\u0144<\/strong><\/p>\n\t\t\t\t\t\t\t\t<\/div>\n\t\t\t\t<\/div>\n\t\t\t\t<div class=\"elementor-element elementor-element-7011a011 elementor-widget elementor-widget-text-editor\" data-id=\"7011a011\" data-element_type=\"widget\" data-e-type=\"widget\" data-widget_type=\"text-editor.default\">\n\t\t\t\t<div class=\"elementor-widget-container\">\n\t\t\t\t\t\t\t\t\t<p>\u201cWhere My House Stood\u201d: On the Poetry of Feliks Netz<\/p>\n\t\t\t\t\t\t\t\t<\/div>\n\t\t\t\t<\/div>\n\t\t\t\t<div class=\"elementor-element elementor-element-4de08ddb elementor-widget elementor-widget-text-editor\" data-id=\"4de08ddb\" data-element_type=\"widget\" data-e-type=\"widget\" data-widget_type=\"text-editor.default\">\n\t\t\t\t<div class=\"elementor-widget-container\">\n\t\t\t\t\t\t\t\t\t<p>Krak\u00f3w, Institute of Literature, 384 pp., 2023, B5 format, softcover<\/p>\n<p>ISBN 978-83-67602-68-6<\/p>\n\t\t\t\t\t\t\t\t<\/div>\n\t\t\t\t<\/div>\n\t\t\t\t<div class=\"elementor-element elementor-element-149d0254 elementor-widget elementor-widget-text-editor\" data-id=\"149d0254\" data-element_type=\"widget\" data-e-type=\"widget\" data-widget_type=\"text-editor.default\">\n\t\t\t\t<div class=\"elementor-widget-container\">\n\t\t\t\t\t\t\t\t\t<p>The monograph <em>\u201cWhere My House Stood\u201d: On the Poetry of Feliks Netz<\/em> is the second (following Barbara Zwoli\u0144ska\u2019s volume <em>\u201cBeing Oneself and Someone Else\u201d: on the work of Feliks Netz <\/em>a historical-literary lecture, organized primarily according to chronological criteria) an attempt at a comprehensive interpretation of the entirety of Feliks Netz\u2019s poetic oeuvre. The primary category, which serves both as an interpretive key and as an element allowing for the organization of the poetic material of the poems by the author of Wir, is the home, understood as a physical space (connection to the city), a mental space (apartment\u2014a territory of privacy) and symbolic (home\u2014homeland).<\/p>\n<p>The entire volume is constructed from several mutually complementary parts. In the first of these, the author included a sketch of the author\u2019s biography from the <em>wolf pits<\/em>, focusing on the stages of the creator\u2019s life, described from the perspective of \u201cNetz\u2019s addresses\u201d\u2014his successive residences (primarily from the time the writer settled in Katowice)\u2014each associated with specific experiences and modes of poetic imagery. The second chapter (<em>Netza\u2019s Homes<\/em>) serves as a sketch for a future synthesis of the poetic oeuvre of the author of <em>The Owl\u2019s Cry<\/em>; it offers an interpretation of the theme of dwelling, understood as a fundamental indicator of the process of constructing the poet\u2019s own distinctiveness and identity. The third chapter, in turn, consists of studies and essays on selected volumes (<em>The Bond of Consent and Three Days of Immortality<\/em>) and works by Netz (the so-called hospital poems and the poem <em>I Don\u2019t Care<\/em>).<\/p>\n<p>The volume is supplemented by the author\u2019s selection of Feliks Netz\u2019s poems, enriched with an extensive editorial note that traces the poet\u2019s work on individual texts, as well as an appendix containing a memoir of the poet and two previously unknown works discovered in his computer archive.<\/p>\n\t\t\t\t\t\t\t\t<\/div>\n\t\t\t\t<\/div>\n\t\t\t\t<\/div>\n\t\t\t\t\t<\/div>\n\t\t\t\t<\/div>\n\t\t<div class=\"elementor-element elementor-element-f4f4c2a e-flex e-con-boxed e-con e-parent\" data-id=\"f4f4c2a\" data-element_type=\"container\" data-e-type=\"container\" data-settings=\"{&quot;jet_parallax_layout_list&quot;:[]}\">\n\t\t\t\t\t<div class=\"e-con-inner\">\n\t\t\t\t\t<\/div>\n\t\t\t\t<\/div>\n\t\t<div class=\"elementor-element elementor-element-0265440 e-flex e-con-boxed e-con e-parent\" data-id=\"0265440\" data-element_type=\"container\" data-e-type=\"container\" data-settings=\"{&quot;jet_parallax_layout_list&quot;:[]}\">\n\t\t\t\t\t<div class=\"e-con-inner\">\n\t\t<div class=\"elementor-element elementor-element-d2acc3c e-con-full e-flex e-con e-child\" data-id=\"d2acc3c\" data-element_type=\"container\" data-e-type=\"container\" data-settings=\"{&quot;jet_parallax_layout_list&quot;:[]}\">\n\t\t\t\t<div class=\"elementor-element elementor-element-d1785fb elementor-widget elementor-widget-image\" data-id=\"d1785fb\" data-element_type=\"widget\" data-e-type=\"widget\" data-widget_type=\"image.default\">\n\t\t\t\t<div class=\"elementor-widget-container\">\n\t\t\t\t\t\t\t\t\t\t\t\t\t\t\t<img loading=\"lazy\" decoding=\"async\" src=\"https:\/\/inol.uni.opole.pl\/wp-content\/uploads\/sites\/41\/elementor\/thumbs\/Zagozdzon_-_Encyklopedyczna_wizja_okladka_m.jpg_550-r3r84pp39fh3krwoogy8zql5jwxdtip8xirmrhhokk.jpeg\" alt=\"Zagozdzon_-_Encyklopedyczna_wizja_okladka_m.jpg_550\" title=\"Zagozdzon_-_Encyklopedyczna_wizja_okladka_m.jpg_550\" width=\"300\" height=\"426\" \/>\t\t\t\t\t\t\t\t\t\t\t\t\t\t\t<\/div>\n\t\t\t\t<\/div>\n\t\t\t\t<\/div>\n\t\t<div class=\"elementor-element elementor-element-d8801bb e-con-full e-flex e-con e-child\" data-id=\"d8801bb\" data-element_type=\"container\" data-e-type=\"container\" data-settings=\"{&quot;jet_parallax_layout_list&quot;:[]}\">\n\t\t\t\t<div class=\"elementor-element elementor-element-bd9e7c7 elementor-widget elementor-widget-text-editor\" data-id=\"bd9e7c7\" data-element_type=\"widget\" data-e-type=\"widget\" data-widget_type=\"text-editor.default\">\n\t\t\t\t<div class=\"elementor-widget-container\">\n\t\t\t\t\t\t\t\t\t<p><strong>Zago\u017cd\u017con-\u0141yszczarz Joanna<\/strong><\/p>\n\t\t\t\t\t\t\t\t<\/div>\n\t\t\t\t<\/div>\n\t\t\t\t<div class=\"elementor-element elementor-element-8bf4454 elementor-widget elementor-widget-text-editor\" data-id=\"8bf4454\" data-element_type=\"widget\" data-e-type=\"widget\" data-widget_type=\"text-editor.default\">\n\t\t\t\t<div class=\"elementor-widget-container\">\n\t\t\t\t\t\t\t\t\t<p><strong>An Encyclopedic Vision of the World of Fauna and Flora in the Works of Miko\u0142aj Rej and Marcin Bielski (STUDIES AND MONOGRAPHS NO. 605)<\/strong><\/p>\n\t\t\t\t\t\t\t\t<\/div>\n\t\t\t\t<\/div>\n\t\t\t\t<div class=\"elementor-element elementor-element-f9c5825 elementor-widget elementor-widget-text-editor\" data-id=\"f9c5825\" data-element_type=\"widget\" data-e-type=\"widget\" data-widget_type=\"text-editor.default\">\n\t\t\t\t<div class=\"elementor-widget-container\">\n\t\t\t\t\t\t\t\t\t<p>Opole: UO Press, 2022, B5 format, 776 pp., softcover<\/p>\n<p>ISBN: 978-83-7395-924-8<\/p>\n\t\t\t\t\t\t\t\t<\/div>\n\t\t\t\t<\/div>\n\t\t\t\t<div class=\"elementor-element elementor-element-cd155d5 elementor-widget elementor-widget-text-editor\" data-id=\"cd155d5\" data-element_type=\"widget\" data-e-type=\"widget\" data-widget_type=\"text-editor.default\">\n\t\t\t\t<div class=\"elementor-widget-container\">\n\t\t\t\t\t\t\t\t\t<p>This work is part of the research on the Old Polish worldview and essentially addresses two issues. One of them is the identification of encyclopedic content concerning natural history in the works of Miko\u0142aj Rej and Marcin Bielski. The perspective outlined above, from which the aforementioned material was analyzed, required the exploration of extensive ancient, medieval, and Renaissance contexts, as well as works known and read in Europe at the time. The sheer volume of this published output would seem difficult to grasp were it not for the conviction underlying this scholarly endeavor that the ancient encyclopedia is a type of work in which deposited knowledge resides within a closed collection of pre-existing texts. This means that the ready-made formulas of \u201cscholarly\u201d descriptions of plants and animals were not only reproduced and adapted in various floraria, bestiaries, or specula, but above all incorporated into literary works, where this encyclopedic knowledge was popularized.<\/p>\n<p>It also seems important to ask\u2014and this constitutes the second problem in reconstructing the literary image of nature\u2014for what purpose elements of the natural world were invoked by the authors. These examples form a sort of repertoire of inventive topography, which is entirely consistent with Renaissance practice, although the sources of these examples date from an earlier era. The popularity and vitality of such topical catalogs in Old Polish literature is astonishing, even though\u2014with few exceptions\u2014they are not influenced by Renaissance or purely classical inspirations. The aim of this monograph was therefore both to compare nature motifs in the works of Rej and Bielski with the encyclopedic knowledge of the time, and to draw attention to the manner in which floristic and faunistic topics were developed in their works. An important part of this work was also an attempt to gain insight into the poetics, composition, and construction of literary expression, where the cited exempla served specific functions, revealing the mechanisms of creative activity.<\/p>\n\t\t\t\t\t\t\t\t<\/div>\n\t\t\t\t<\/div>\n\t\t\t\t<\/div>\n\t\t\t\t\t<\/div>\n\t\t\t\t<\/div>\n\t\t<div class=\"elementor-element elementor-element-f9e8a4e e-flex e-con-boxed e-con e-parent\" data-id=\"f9e8a4e\" data-element_type=\"container\" data-e-type=\"container\" data-settings=\"{&quot;jet_parallax_layout_list&quot;:[]}\">\n\t\t\t\t\t<div class=\"e-con-inner\">\n\t\t\t\t\t<\/div>\n\t\t\t\t<\/div>\n\t\t<div class=\"elementor-element elementor-element-c623a40 e-flex e-con-boxed e-con e-parent\" data-id=\"c623a40\" data-element_type=\"container\" data-e-type=\"container\" data-settings=\"{&quot;jet_parallax_layout_list&quot;:[]}\">\n\t\t\t\t\t<div class=\"e-con-inner\">\n\t\t<div class=\"elementor-element elementor-element-caa9420 e-con-full e-flex e-con e-child\" data-id=\"caa9420\" data-element_type=\"container\" data-e-type=\"container\" data-settings=\"{&quot;jet_parallax_layout_list&quot;:[]}\">\n\t\t\t\t<div class=\"elementor-element elementor-element-101154a elementor-widget elementor-widget-image\" data-id=\"101154a\" data-element_type=\"widget\" data-e-type=\"widget\" data-widget_type=\"image.default\">\n\t\t\t\t<div class=\"elementor-widget-container\">\n\t\t\t\t\t\t\t\t\t\t\t\t\t\t\t<img loading=\"lazy\" decoding=\"async\" src=\"https:\/\/inol.uni.opole.pl\/wp-content\/uploads\/sites\/41\/elementor\/thumbs\/Glen-r3rbtnz9xth5r6scbxujo6sadxmekaigjko2ggd110.png\" alt=\"Gle\u0144\" title=\"Gle\u0144\" width=\"300\" height=\"498\" \/>\t\t\t\t\t\t\t\t\t\t\t\t\t\t\t<\/div>\n\t\t\t\t<\/div>\n\t\t\t\t<\/div>\n\t\t<div class=\"elementor-element elementor-element-454ef50 e-con-full e-flex e-con e-child\" data-id=\"454ef50\" data-element_type=\"container\" data-e-type=\"container\" data-settings=\"{&quot;jet_parallax_layout_list&quot;:[]}\">\n\t\t\t\t<div class=\"elementor-element elementor-element-67a1532 elementor-widget elementor-widget-text-editor\" data-id=\"67a1532\" data-element_type=\"widget\" data-e-type=\"widget\" data-widget_type=\"text-editor.default\">\n\t\t\t\t<div class=\"elementor-widget-container\">\n\t\t\t\t\t\t\t\t\t<h1 class=\"small\">Adrian Gle\u0144<\/h1>\n\t\t\t\t\t\t\t\t<\/div>\n\t\t\t\t<\/div>\n\t\t\t\t<div class=\"elementor-element elementor-element-a79b929 elementor-widget elementor-widget-text-editor\" data-id=\"a79b929\" data-element_type=\"widget\" data-e-type=\"widget\" data-widget_type=\"text-editor.default\">\n\t\t\t\t<div class=\"elementor-widget-container\">\n\t\t\t\t\t\t\t\t\t<p><strong>The Light of the Poem: On the Work of Wojciech Kass<\/strong><\/p>\n\t\t\t\t\t\t\t\t<\/div>\n\t\t\t\t<\/div>\n\t\t\t\t<div class=\"elementor-element elementor-element-f5c006a elementor-widget elementor-widget-text-editor\" data-id=\"f5c006a\" data-element_type=\"widget\" data-e-type=\"widget\" data-widget_type=\"text-editor.default\">\n\t\t\t\t<div class=\"elementor-widget-container\">\n\t\t\t\t\t\t\t\t\t<p>Krak\u00f3w: Institute of Literature, Format: B5, Year of publication: 2022, Binding: softcover<\/p>\n<p>ISBN: 978-83-67170-78-9<\/p>\n\t\t\t\t\t\t\t\t<\/div>\n\t\t\t\t<\/div>\n\t\t\t\t<div class=\"elementor-element elementor-element-9f298a5 elementor-widget elementor-widget-text-editor\" data-id=\"9f298a5\" data-element_type=\"widget\" data-e-type=\"widget\" data-widget_type=\"text-editor.default\">\n\t\t\t\t<div class=\"elementor-widget-container\">\n\t\t\t\t\t\t\t\t\t<p><em>The Light of the Poem<\/em> is the first attempt at a monographic study of the work of Wojciech Kass, a poet and essayist who lives and works in an extraordinary place\u2014the Pranie Forest Lodge, home to the Konstanty Ildefons Ga\u0142czy\u0144ski Museum; The protagonist of this book is the very person who cares for the legacy of the author of <em>The Enchanted Carriage<\/em> with great care and devotion.<\/p>\n<p>However, this is not a classic overview of the entire body of work by Kass, one of the most interesting contemporary Polish metaphysical poets. Indeed, in <em>In the Light of the Poem<\/em>, the reader will find both an extensive outline for a future biography of the author of <em>Metafu<\/em>, a comprehensive chapter devoted to the primary category (light) that organizes the poet\u2019s work, as well as a biobibliography as comprehensive as possible, interviews\u2014to which Kass attaches great importance\u2014numerous synthetic articles, and texts offering analyses and interpretations of individual poems and volumes by the author of *Gwiazdy G\u0142\u00f3g*. All of this, however, is supplemented by a chapter comprising various forms, within which the author of this book attempts to approach the mystery of both Kass\u2019s poetic idiom (expressed in the poems <em>The Seal of Ignorance, A., There Were Many Such<\/em>), as well as the nature of the poems and diary-essayistic entries by the author of<em> The Writing Hand<\/em>.<\/p>\n<p>The methodological framework of <em>The Light of the Poem<\/em> is a reading model inspired by the ideas of thematic critics (from the so-called Geneva School) ; in many places, the author of the monograph experiments with the form of interpretation, basing them on phrases and metaphors derived from Kass\u2019s poems, attempting\u2014much like Jean-Pierre Richard in <em>Poetry and Depth<\/em>\u2014to outline the contours of the poetic interior of this work and identify its key passages and motifs.<\/p>\n<p>The monograph also presents an original (and agreed upon with the author himself) selection of poems, ranging from his debut collection *Toward the Light* to his latest original volume titled *Metaf*, as well as individual excerpts from *The Writing Hand* (2021)\u2014a diary-style cycle derived from Notes, whose successive installments Wojciech Kass published primarily in the pages of \u201cTopos,\u201d a journal with which he has been continuously associated for nearly a quarter-century.<\/p>\n\t\t\t\t\t\t\t\t<\/div>\n\t\t\t\t<\/div>\n\t\t\t\t<\/div>\n\t\t\t\t\t<\/div>\n\t\t\t\t<\/div>\n\t\t<div class=\"elementor-element elementor-element-f355307 e-flex e-con-boxed e-con e-parent\" data-id=\"f355307\" data-element_type=\"container\" data-e-type=\"container\" data-settings=\"{&quot;jet_parallax_layout_list&quot;:[]}\">\n\t\t\t\t\t<div class=\"e-con-inner\">\n\t\t\t\t\t<\/div>\n\t\t\t\t<\/div>\n\t\t<div class=\"elementor-element elementor-element-c198662 e-flex e-con-boxed e-con e-parent\" data-id=\"c198662\" data-element_type=\"container\" data-e-type=\"container\" data-settings=\"{&quot;jet_parallax_layout_list&quot;:[]}\">\n\t\t\t\t\t<div class=\"e-con-inner\">\n\t\t<div class=\"elementor-element elementor-element-8ed0105 e-con-full e-flex e-con e-child\" data-id=\"8ed0105\" data-element_type=\"container\" data-e-type=\"container\" data-settings=\"{&quot;jet_parallax_layout_list&quot;:[]}\">\n\t\t\t\t<div class=\"elementor-element elementor-element-d4cd4f1 elementor-widget elementor-widget-image\" data-id=\"d4cd4f1\" data-element_type=\"widget\" data-e-type=\"widget\" data-widget_type=\"image.default\">\n\t\t\t\t<div class=\"elementor-widget-container\">\n\t\t\t\t\t\t\t\t\t\t\t\t\t\t\t<img loading=\"lazy\" decoding=\"async\" src=\"https:\/\/inol.uni.opole.pl\/wp-content\/uploads\/sites\/41\/elementor\/thumbs\/Swoboda-r3re73j73qfczaoxgv9uamoi2oje5xo6yf8sptovcw.jpg\" alt=\"Swoboda\" title=\"Swoboda\" width=\"300\" height=\"480\" \/>\t\t\t\t\t\t\t\t\t\t\t\t\t\t\t<\/div>\n\t\t\t\t<\/div>\n\t\t\t\t<\/div>\n\t\t<div class=\"elementor-element elementor-element-d7b8b04 e-con-full e-flex e-con e-child\" data-id=\"d7b8b04\" data-element_type=\"container\" data-e-type=\"container\" data-settings=\"{&quot;jet_parallax_layout_list&quot;:[]}\">\n\t\t\t\t<div class=\"elementor-element elementor-element-677f46c elementor-widget elementor-widget-text-editor\" data-id=\"677f46c\" data-element_type=\"widget\" data-e-type=\"widget\" data-widget_type=\"text-editor.default\">\n\t\t\t\t<div class=\"elementor-widget-container\">\n\t\t\t\t\t\t\t\t\t<p><strong>Bartosz Swoboda<\/strong><\/p>\n\t\t\t\t\t\t\t\t<\/div>\n\t\t\t\t<\/div>\n\t\t\t\t<div class=\"elementor-element elementor-element-7818547 elementor-widget elementor-widget-text-editor\" data-id=\"7818547\" data-element_type=\"widget\" data-e-type=\"widget\" data-widget_type=\"text-editor.default\">\n\t\t\t\t<div class=\"elementor-widget-container\">\n\t\t\t\t\t\t\t\t\t<p><strong>From Aesthetic Experience to the Experience of Language. Ekphrasis in Polish Modernist Literature<\/strong><\/p>\n\t\t\t\t\t\t\t\t<\/div>\n\t\t\t\t<\/div>\n\t\t\t\t<div class=\"elementor-element elementor-element-97e6ed6 elementor-widget elementor-widget-text-editor\" data-id=\"97e6ed6\" data-element_type=\"widget\" data-e-type=\"widget\" data-widget_type=\"text-editor.default\">\n\t\t\t\t<div class=\"elementor-widget-container\">\n\t\t\t\t\t\t\t\t\t<p>Krak\u00f3w: Universitas Publishing House, Format: B5, Year of publication: 2022, p. 256, Binding: softcover<\/p>\n<p>ISBN 978-83-242-3838-5<\/p>\n\t\t\t\t\t\t\t\t<\/div>\n\t\t\t\t<\/div>\n\t\t\t\t<div class=\"elementor-element elementor-element-58aede8 elementor-widget elementor-widget-text-editor\" data-id=\"58aede8\" data-element_type=\"widget\" data-e-type=\"widget\" data-widget_type=\"text-editor.default\">\n\t\t\t\t<div class=\"elementor-widget-container\">\n\t\t\t\t\t\t\t\t\t<p>The monograph From Aesthetic Experience to the Experience of Language: Ekphrasis in Polish Modernist Literature offers multifaceted reflections on the concept of ekphrasis, presenting the subject matter in an original way through the lens of the category of experience, with particular emphasis on aesthetic experience and the experience of language. The point of reference for this interdisciplinary study, in which the literary description of a work of art is treated as a specific form of articulating aesthetic experience, is a broad panorama of Polish modernist literature\u2014from Wyspia\u0144ski and Staff to Wat and Herbert. By framing reflections on ekphrasis within the category of experience, the book encourages adopting a perspective on literature that allows traces of existence, experience, and engagement to be highlighted in the text.<\/p>\n<p>Bartosz Swoboda faced a difficult task; as a researcher clearly fascinated by the issues of ekphrasis, he had to find an effective solution to define his research problem. He did so brilliantly, linking ekphrasis with aesthetic experience and linguistic experience. This is what gave the dissertation its groundbreaking character and also necessitated the development of thoroughly interdisciplinary descriptive tools: philosophy and aesthetics are combined here with literary history and theory, as well as with art history and art criticism. Interdisciplinarity here is not merely a gimmick pulled from ministerial or institutional guidelines, but a genuine necessity (\u2026). Interdisciplinarity genuinely serves here to break down the barriers and divisions between individual disciplines\u2014Bartosz Swoboda has excelled in developing the metalanguage of his dissertation, in which issues of art history, philosophy, and literature are harmoniously integrated.<\/p>\n<p>Prof. Adam Dziadek, Ph.D., University of Silesia in Katowice<\/p>\n\t\t\t\t\t\t\t\t<\/div>\n\t\t\t\t<\/div>\n\t\t\t\t<\/div>\n\t\t\t\t\t<\/div>\n\t\t\t\t<\/div>\n\t\t<div class=\"elementor-element elementor-element-4413729 e-flex e-con-boxed e-con e-parent\" data-id=\"4413729\" data-element_type=\"container\" data-e-type=\"container\" data-settings=\"{&quot;jet_parallax_layout_list&quot;:[]}\">\n\t\t\t\t\t<div class=\"e-con-inner\">\n\t\t\t\t\t<\/div>\n\t\t\t\t<\/div>\n\t\t<div class=\"elementor-element elementor-element-a238371 e-flex e-con-boxed e-con e-parent\" data-id=\"a238371\" data-element_type=\"container\" data-e-type=\"container\" data-settings=\"{&quot;jet_parallax_layout_list&quot;:[]}\">\n\t\t\t\t\t<div class=\"e-con-inner\">\n\t\t<div class=\"elementor-element elementor-element-b5ef9d9 e-con-full e-flex e-con e-child\" data-id=\"b5ef9d9\" data-element_type=\"container\" data-e-type=\"container\" data-settings=\"{&quot;jet_parallax_layout_list&quot;:[]}\">\n\t\t\t\t<div class=\"elementor-element elementor-element-a00b0cf elementor-widget elementor-widget-image\" data-id=\"a00b0cf\" data-element_type=\"widget\" data-e-type=\"widget\" data-widget_type=\"image.default\">\n\t\t\t\t<div class=\"elementor-widget-container\">\n\t\t\t\t\t\t\t\t\t\t\t\t\t\t\t<img loading=\"lazy\" decoding=\"async\" src=\"https:\/\/inol.uni.opole.pl\/wp-content\/uploads\/sites\/41\/elementor\/thumbs\/0001457_PR-german_12_-_okladka_m.jpg_550-r3fecchwv83h7h7rkp79tsqtqchu525c55ezwd0h3u.jpeg\" alt=\"0001457_PR-german_12_-_okladka_m.jpg_550\" title=\"0001457_PR-german_12_-_okladka_m.jpg_550\" width=\"300\" height=\"425\" \/>\t\t\t\t\t\t\t\t\t\t\t\t\t\t\t<\/div>\n\t\t\t\t<\/div>\n\t\t\t\t<\/div>\n\t\t<div class=\"elementor-element elementor-element-9b31be8 e-con-full e-flex e-con e-child\" data-id=\"9b31be8\" data-element_type=\"container\" data-e-type=\"container\" data-settings=\"{&quot;jet_parallax_layout_list&quot;:[]}\">\n\t\t\t\t<div class=\"elementor-element elementor-element-46e6488 elementor-widget elementor-widget-text-editor\" data-id=\"46e6488\" data-element_type=\"widget\" data-e-type=\"widget\" data-widget_type=\"text-editor.default\">\n\t\t\t\t<div class=\"elementor-widget-container\">\n\t\t\t\t\t\t\t\t\t<p><strong>Jelitto-Piechulik Gabriela, Jokiel Ma\u0142gorzata, Ksi\u0119\u017cyk Felicja, Pelka Daniela (eds.)<\/strong><\/p>\n\t\t\t\t\t\t\t\t<\/div>\n\t\t\t\t<\/div>\n\t\t\t\t<div class=\"elementor-element elementor-element-6cca8b4 elementor-widget elementor-widget-text-editor\" data-id=\"6cca8b4\" data-element_type=\"widget\" data-e-type=\"widget\" data-widget_type=\"text-editor.default\">\n\t\t\t\t<div class=\"elementor-widget-container\">\n\t\t\t\t\t\t\t\t\t<p><strong>\u201cGermanistische Werkstatt\u201d Vol. 12: Future Potential of German Studies: Topics, Trends, Tendencies<\/strong><\/p>\n\t\t\t\t\t\t\t\t<\/div>\n\t\t\t\t<\/div>\n\t\t\t\t<div class=\"elementor-element elementor-element-a8739fb elementor-widget elementor-widget-text-editor\" data-id=\"a8739fb\" data-element_type=\"widget\" data-e-type=\"widget\" data-widget_type=\"text-editor.default\">\n\t\t\t\t<div class=\"elementor-widget-container\">\n\t\t\t\t\t\t\t\t\t<p>University of Opole Press, Format: B5, Year of publication: 2023, p. 168, Binding: softcover<\/p>\n<p>ISBN: 978-83-8332-015-1<\/p>\n\t\t\t\t\t\t\t\t<\/div>\n\t\t\t\t<\/div>\n\t\t\t\t<div class=\"elementor-element elementor-element-e7c2c73 elementor-widget elementor-widget-text-editor\" data-id=\"e7c2c73\" data-element_type=\"widget\" data-e-type=\"widget\" data-widget_type=\"text-editor.default\">\n\t\t\t\t<div class=\"elementor-widget-container\">\n\t\t\t\t\t\t\t\t\t<p><em>The authors of the individual articles raise questions about the role of the humanities in a constantly changing world of constructive interactions, but also of difficult cultural clashes. The central theme of the volume is the related perspectives opening up for German studies, as well as the topics and trends currently engaging scholars\u2014in other words, the future potential of German studies. The articles on linguistics address, among other things, aspects such as archival collections as a source for philological research, changes in the field of professional communication, the study of the linguistic landscape, the role of German as a minority language in Hungary, innovations in the formation of German adjectives, and features of the medieval language of Wroc\u0142aw chancelleries. The literary-cultural section is devoted, among other things, to the works of Wolfgang Koeppen and Alfred D\u00f6blin, as well as to phenomena such as tabooization, Silesian Texans, and the German Catholic Church in Lower Silesia.<\/em><\/p>\n<p><em>The book is intended for scholars, students, and a broad audience interested in linguistic, literary, and cultural issues within the broadly defined field of German studies.<\/em><\/p>\n\t\t\t\t\t\t\t\t<\/div>\n\t\t\t\t<\/div>\n\t\t\t\t<\/div>\n\t\t\t\t\t<\/div>\n\t\t\t\t<\/div>\n\t\t<div class=\"elementor-element elementor-element-7255bd6 e-flex e-con-boxed e-con e-parent\" data-id=\"7255bd6\" data-element_type=\"container\" data-e-type=\"container\" data-settings=\"{&quot;jet_parallax_layout_list&quot;:[]}\">\n\t\t\t\t\t<div class=\"e-con-inner\">\n\t\t\t\t\t<\/div>\n\t\t\t\t<\/div>\n\t\t<div class=\"elementor-element elementor-element-8919205 e-flex e-con-boxed e-con e-parent\" data-id=\"8919205\" data-element_type=\"container\" data-e-type=\"container\" data-settings=\"{&quot;jet_parallax_layout_list&quot;:[]}\">\n\t\t\t\t\t<div class=\"e-con-inner\">\n\t\t<div class=\"elementor-element elementor-element-5718f54 e-con-full e-flex e-con e-child\" data-id=\"5718f54\" data-element_type=\"container\" data-e-type=\"container\" data-settings=\"{&quot;jet_parallax_layout_list&quot;:[]}\">\n\t\t\t\t<div class=\"elementor-element elementor-element-e4260cd elementor-widget elementor-widget-image\" data-id=\"e4260cd\" data-element_type=\"widget\" data-e-type=\"widget\" data-widget_type=\"image.default\">\n\t\t\t\t<div class=\"elementor-widget-container\">\n\t\t\t\t\t\t\t\t\t\t\t\t\t\t\t<img loading=\"lazy\" decoding=\"async\" src=\"https:\/\/inol.uni.opole.pl\/wp-content\/uploads\/sites\/41\/elementor\/thumbs\/Marchel-r3re0gs6vtcj2cbq702lpaxf6t85utcddljgtjius4.jpg\" alt=\"Marchel\" title=\"Marchel\" width=\"300\" height=\"418\" \/>\t\t\t\t\t\t\t\t\t\t\t\t\t\t\t<\/div>\n\t\t\t\t<\/div>\n\t\t\t\t<\/div>\n\t\t<div class=\"elementor-element elementor-element-31c3cc0 e-con-full e-flex e-con e-child\" data-id=\"31c3cc0\" data-element_type=\"container\" data-e-type=\"container\" data-settings=\"{&quot;jet_parallax_layout_list&quot;:[]}\">\n\t\t\t\t<div class=\"elementor-element elementor-element-bff862b elementor-widget elementor-widget-text-editor\" data-id=\"bff862b\" data-element_type=\"widget\" data-e-type=\"widget\" data-widget_type=\"text-editor.default\">\n\t\t\t\t<div class=\"elementor-widget-container\">\n\t\t\t\t\t\t\t\t\t<div class=\"authorList\">\n<div id=\"j_id_22_1_1_30_2_a_0_2\" class=\"authorListElement\"><a id=\"j_id_22_1_1_30_2_a_0_3_1_1\" href=\"https:\/\/repo.uni.opole.pl\/info\/author\/UO42a2ccb81a3f4ea2b9bf11b08b1a6a19?affil=IS-HP&amp;r=publication&amp;ps=20&amp;title=Person%2Bprofile%2B%25E2%2580%2593%2BGabriela%2BJelitto-Piechulik%2B%25E2%2580%2593%2BUniwersytet%2BOpolski&amp;lang=en&amp;pn=1\"><span id=\"id96912299pg6\" class=\"inline-element\"><span id=\"idInner96912299pg16\" class=\"authorSimple\"><\/span><\/span><\/a><strong>S\u0142awomir Marchel<\/strong><\/div>\n<\/div>\n\t\t\t\t\t\t\t\t<\/div>\n\t\t\t\t<\/div>\n\t\t\t\t<div class=\"elementor-element elementor-element-85af4ef elementor-widget elementor-widget-text-editor\" data-id=\"85af4ef\" data-element_type=\"widget\" data-e-type=\"widget\" data-widget_type=\"text-editor.default\">\n\t\t\t\t<div class=\"elementor-widget-container\">\n\t\t\t\t\t\t\t\t\t<p>Honor meus. Cardinal Puzyna\u2019s Vision of the Church, State, and Nation<\/p>\n\t\t\t\t\t\t\t\t<\/div>\n\t\t\t\t<\/div>\n\t\t\t\t<div class=\"elementor-element elementor-element-1f896b3 elementor-widget elementor-widget-text-editor\" data-id=\"1f896b3\" data-element_type=\"widget\" data-e-type=\"widget\" data-widget_type=\"text-editor.default\">\n\t\t\t\t<div class=\"elementor-widget-container\">\n\t\t\t\t\t\t\t\t\t<p>Krak\u00f3w: Ksi\u0119garnia akademicka, 2022, B5 format, 281 pp., softcover<\/p>\n<p>ISBN 978-83-8138-643-2.<\/p>\n\t\t\t\t\t\t\t\t<\/div>\n\t\t\t\t<\/div>\n\t\t\t\t<div class=\"elementor-element elementor-element-e42a081 elementor-widget elementor-widget-text-editor\" data-id=\"e42a081\" data-element_type=\"widget\" data-e-type=\"widget\" data-widget_type=\"text-editor.default\">\n\t\t\t\t<div class=\"elementor-widget-container\">\n\t\t\t\t\t\t\t\t\t<p>Cardinal Jan Duklan Maurycy Pawe\u0142 Puzyna is one of those figures recorded in the annals of Polish history whose activities continue to raise doubts and controversies to this day. The unpopular decisions he made were the main reason why, over time, he became a symbol of a fading world of conservative ideas, marginalized at the turn of the 19th and 20th centuries by the rise of modern political and ideological movements. Within the Church, Cardinal Puzyna is still associated today primarily with the last official attempt at direct interference by secular authorities in the papal election process, which took place during the memorable conclave of 1903. This study represents the first attempt to examine the figure of Jan Puzyna in as broad a context as possible. In discussing his views, the author has drawn attention to the social and cultural factors that influenced the cardinal\u2019s ideological formation. The analysis also examines aspects of the clergyman\u2019s activities that relate directly and indirectly to his beliefs. The study also reflects on issues related to the reception of Puzyna\u2019s personality, his decisions, and the views he espoused, both within and outside the clergy. A consequence of this approach is the question of why the narrative surrounding Cardinal Puzyna has been dominated by an emphasis on negative assessments of his activities. According to the author, the phenomenon of this image\u2019s persistence in collective memory allows for a better understanding of the relationships between various models of attitudes still visible in Polish public life today.<\/p>\n\t\t\t\t\t\t\t\t<\/div>\n\t\t\t\t<\/div>\n\t\t\t\t<\/div>\n\t\t\t\t\t<\/div>\n\t\t\t\t<\/div>\n\t\t<div class=\"elementor-element elementor-element-a6e7e49 e-flex e-con-boxed e-con e-parent\" data-id=\"a6e7e49\" data-element_type=\"container\" data-e-type=\"container\" data-settings=\"{&quot;jet_parallax_layout_list&quot;:[]}\">\n\t\t\t\t\t<div class=\"e-con-inner\">\n\t\t\t\t\t<\/div>\n\t\t\t\t<\/div>\n\t\t<div class=\"elementor-element elementor-element-3d787bb e-flex e-con-boxed e-con e-parent\" data-id=\"3d787bb\" data-element_type=\"container\" data-e-type=\"container\" data-settings=\"{&quot;jet_parallax_layout_list&quot;:[]}\">\n\t\t\t\t\t<div class=\"e-con-inner\">\n\t\t<div class=\"elementor-element elementor-element-541fac2 e-con-full e-flex e-con e-child\" data-id=\"541fac2\" data-element_type=\"container\" data-e-type=\"container\" data-settings=\"{&quot;jet_parallax_layout_list&quot;:[]}\">\n\t\t\t\t<div class=\"elementor-element elementor-element-ad7736f elementor-widget elementor-widget-image\" data-id=\"ad7736f\" data-element_type=\"widget\" data-e-type=\"widget\" data-widget_type=\"image.default\">\n\t\t\t\t<div class=\"elementor-widget-container\">\n\t\t\t\t\t\t\t\t\t\t\t\t\t\t\t<img loading=\"lazy\" decoding=\"async\" src=\"https:\/\/inol.uni.opole.pl\/wp-content\/uploads\/sites\/41\/elementor\/thumbs\/Gabriela-r3rduvmq99p61sfwtl4fvpos2crm3l5t9xxk4bt3t2.jpg\" alt=\"Gabriela\" title=\"Gabriela\" width=\"300\" height=\"423\" \/>\t\t\t\t\t\t\t\t\t\t\t\t\t\t\t<\/div>\n\t\t\t\t<\/div>\n\t\t\t\t<\/div>\n\t\t<div class=\"elementor-element elementor-element-80c4372 e-con-full e-flex e-con e-child\" data-id=\"80c4372\" data-element_type=\"container\" data-e-type=\"container\" data-settings=\"{&quot;jet_parallax_layout_list&quot;:[]}\">\n\t\t\t\t<div class=\"elementor-element elementor-element-5785336 elementor-widget elementor-widget-text-editor\" data-id=\"5785336\" data-element_type=\"widget\" data-e-type=\"widget\" data-widget_type=\"text-editor.default\">\n\t\t\t\t<div class=\"elementor-widget-container\">\n\t\t\t\t\t\t\t\t\t<div class=\"authorList\">\n<div id=\"j_id_22_1_1_30_2_a_0_2\" class=\"authorListElement\"><a id=\"j_id_22_1_1_30_2_a_0_3_1_1\" href=\"https:\/\/repo.uni.opole.pl\/info\/author\/UO42a2ccb81a3f4ea2b9bf11b08b1a6a19?affil=IS-HP&amp;r=publication&amp;ps=20&amp;title=Person%2Bprofile%2B%25E2%2580%2593%2BGabriela%2BJelitto-Piechulik%2B%25E2%2580%2593%2BUniwersytet%2BOpolski&amp;lang=en&amp;pn=1\"><span id=\"id96912299pg6\" class=\"inline-element\"> <span id=\"idInner96912299pg16\" class=\"authorSimple\"> <\/span><\/span><\/a><strong>Gabriela Jelitto-Piechulik<\/strong><\/div>\n<\/div>\n\t\t\t\t\t\t\t\t<\/div>\n\t\t\t\t<\/div>\n\t\t\t\t<div class=\"elementor-element elementor-element-6156f64 elementor-widget elementor-widget-text-editor\" data-id=\"6156f64\" data-element_type=\"widget\" data-e-type=\"widget\" data-widget_type=\"text-editor.default\">\n\t\t\t\t<div class=\"elementor-widget-container\">\n\t\t\t\t\t\t\t\t\t<p>Ricarda Huch. Romantik &#8211; Literarische Historiographie &#8211; Schreiben in der Diktatur<\/p>\n\t\t\t\t\t\t\t\t<\/div>\n\t\t\t\t<\/div>\n\t\t\t\t<div class=\"elementor-element elementor-element-9f53bbe elementor-widget elementor-widget-text-editor\" data-id=\"9f53bbe\" data-element_type=\"widget\" data-e-type=\"widget\" data-widget_type=\"text-editor.default\">\n\t\t\t\t<div class=\"elementor-widget-container\">\n\t\t\t\t\t\t\t\t\t<p>Leipziger Universit\u00e4tsverlag, 2022, B5 format, 695 pp., softcover<\/p>\n<p>ISBN 978-3-96023-270-4<\/p>\n\t\t\t\t\t\t\t\t<\/div>\n\t\t\t\t<\/div>\n\t\t\t\t<div class=\"elementor-element elementor-element-538f1fa elementor-widget elementor-widget-text-editor\" data-id=\"538f1fa\" data-element_type=\"widget\" data-e-type=\"widget\" data-widget_type=\"text-editor.default\">\n\t\t\t\t<div class=\"elementor-widget-container\">\n\t\t\t\t\t\t\t\t\t<p>With her reflections on the history of ideas and aesthetics, Ricarda Huch has demonstrated that she cannot be categorized within a traditional worldview. And it was precisely with this argument that she countered the claim that she was a \u201cconservative\u201d in her thinking and writing; rather, her aim was to grasp human beings in their relationship to themselves, their environment, and their history, and to situate them within the respective political, social, and aesthetic contexts of their time. Her works therefore cannot be described in terms of an artistic or stylistic movement typical of the era, but rather incorporate these and form an intellectually autonomous response to them. Thus, according to Golo Mann, she deserves the title \u201cQueen by nature and achievement\u201d\u2014a poet and thinker who presented her subjective view of the world, coupled with considerable knowledge, in a multifaceted body of work.<\/p>\n<p>The aim of this thesis is, first, to provide insights into Huch\u2019s biography. Subsequently, the positioning of her work within literary-historical research will be discussed. The chronological scope ranges from the thematization of the individual in her works on German Romanticism, through her historical works, to her decision to write about the resistance against National Socialism.<\/p>\n<p>These three thematic focal points\u2014Romanticism, literary historiography, and writing under dictatorship\u2014are brought together by the thesis of the idea of the human self. Huch has continuously developed this thesis and anchored it in her writings and works. The individual, who is constantly present in Huch\u2019s works and stands at the forefront of the subject matter, represents the synthesis demanded by the author between phenomena that appear to be in contradiction with one another.<\/p>\n\t\t\t\t\t\t\t\t<\/div>\n\t\t\t\t<\/div>\n\t\t\t\t<\/div>\n\t\t\t\t\t<\/div>\n\t\t\t\t<\/div>\n\t\t<div class=\"elementor-element elementor-element-837b57c e-flex e-con-boxed e-con e-parent\" data-id=\"837b57c\" data-element_type=\"container\" data-e-type=\"container\" data-settings=\"{&quot;jet_parallax_layout_list&quot;:[]}\">\n\t\t\t\t\t<div class=\"e-con-inner\">\n\t\t\t\t\t<\/div>\n\t\t\t\t<\/div>\n\t\t<div class=\"elementor-element elementor-element-337aecd e-flex e-con-boxed e-con e-parent\" data-id=\"337aecd\" data-element_type=\"container\" data-e-type=\"container\" data-settings=\"{&quot;jet_parallax_layout_list&quot;:[]}\">\n\t\t\t\t\t<div class=\"e-con-inner\">\n\t\t<div class=\"elementor-element elementor-element-9b76816 e-con-full e-flex e-con e-child\" data-id=\"9b76816\" data-element_type=\"container\" data-e-type=\"container\" data-settings=\"{&quot;jet_parallax_layout_list&quot;:[]}\">\n\t\t\t\t<div class=\"elementor-element elementor-element-b99a850 elementor-widget elementor-widget-image\" data-id=\"b99a850\" data-element_type=\"widget\" data-e-type=\"widget\" data-widget_type=\"image.default\">\n\t\t\t\t<div class=\"elementor-widget-container\">\n\t\t\t\t\t\t\t\t\t\t\t\t\t\t\t<img loading=\"lazy\" decoding=\"async\" src=\"https:\/\/inol.uni.opole.pl\/wp-content\/uploads\/sites\/41\/elementor\/thumbs\/1-qt6e3khdpfh54p0b3y80069u9kzjqz62ko0sotiqhw.jpg\" alt=\"1\" title=\"1\" width=\"300\" height=\"426\" \/>\t\t\t\t\t\t\t\t\t\t\t\t\t\t\t<\/div>\n\t\t\t\t<\/div>\n\t\t\t\t<\/div>\n\t\t<div class=\"elementor-element elementor-element-dd70f40 e-con-full e-flex e-con e-child\" data-id=\"dd70f40\" data-element_type=\"container\" data-e-type=\"container\" data-settings=\"{&quot;jet_parallax_layout_list&quot;:[]}\">\n\t\t\t\t<div class=\"elementor-element elementor-element-c9cd3df elementor-widget elementor-widget-text-editor\" data-id=\"c9cd3df\" data-element_type=\"widget\" data-e-type=\"widget\" data-widget_type=\"text-editor.default\">\n\t\t\t\t<div class=\"elementor-widget-container\">\n\t\t\t\t\t\t\t\t\t<p><strong>Anna Ledwina<\/strong><\/p>\n\t\t\t\t\t\t\t\t<\/div>\n\t\t\t\t<\/div>\n\t\t\t\t<div class=\"elementor-element elementor-element-3248125 elementor-widget elementor-widget-text-editor\" data-id=\"3248125\" data-element_type=\"widget\" data-e-type=\"widget\" data-widget_type=\"text-editor.default\">\n\t\t\t\t<div class=\"elementor-widget-container\">\n\t\t\t\t\t\t\t\t\t<p><em>Du duo vers le trio amoureux: figures beauvoiriennes de l\u2019alt\u00e9rit\u00e9<\/em>, Studia i Monografie nr 578<\/p>\n\t\t\t\t\t\t\t\t<\/div>\n\t\t\t\t<\/div>\n\t\t\t\t<div class=\"elementor-element elementor-element-644ca25 elementor-widget elementor-widget-text-editor\" data-id=\"644ca25\" data-element_type=\"widget\" data-e-type=\"widget\" data-widget_type=\"text-editor.default\">\n\t\t\t\t<div class=\"elementor-widget-container\">\n\t\t\t\t\t\t\t\t\t<p>Opole: University of Opole Press, 2019, B5 format, 282 pp., softcover<\/p>\n<p>ISBN 978-83-7395-818-0<\/p>\n\t\t\t\t\t\t\t\t<\/div>\n\t\t\t\t<\/div>\n\t\t\t\t<div class=\"elementor-element elementor-element-14fd9ae elementor-widget elementor-widget-text-editor\" data-id=\"14fd9ae\" data-element_type=\"widget\" data-e-type=\"widget\" data-widget_type=\"text-editor.default\">\n\t\t\t\t<div class=\"elementor-widget-container\">\n\t\t\t\t\t\t\t\t\t<p>This book is an attempt at an interdisciplinary examination of the problem of love and the relationship with the Other, using the example of two novels by Simone de Beauvoir\u2014<em>L\u2019Invit\u00e9e<\/em> and <em>La Femme rompue<\/em>.<\/p>\n<p>Love, inextricably linked to the concept of otherness, is portrayed by the author in various configurations: from the moment of meeting and first infatuation, through the formation of a relationship between two people, then a <em>m\u00e9nage \u00e0 trois<\/em>, up to the breakdown of this unconventional relationship model. This complex and ambivalent emotion is interpreted as communication between two or three people possible only on the plane of total freedom and reciprocity. Inherent in the human condition, it encompasses a whole range of emotions, often extreme, highlighting the inseparable influence of other people on our lives.<\/p>\n<p>The multidimensionality of the concept of otherness allows for the presentation of the writer\u2019s original vision, which promotes the independence, development, and autonomy of the individual, while simultaneously reflecting her striving to achieve existential fulfillment with another human being.<\/p>\n<p>The book is intended for literary scholars, researchers of French and Francophone literature, as well as students and graduates of Romance philology.<\/p>\n\t\t\t\t\t\t\t\t<\/div>\n\t\t\t\t<\/div>\n\t\t\t\t<\/div>\n\t\t\t\t\t<\/div>\n\t\t\t\t<\/div>\n\t\t<div class=\"elementor-element elementor-element-48cfeb4 e-flex e-con-boxed e-con e-parent\" data-id=\"48cfeb4\" data-element_type=\"container\" data-e-type=\"container\" data-settings=\"{&quot;jet_parallax_layout_list&quot;:[]}\">\n\t\t\t\t\t<div class=\"e-con-inner\">\n\t\t\t\t\t<\/div>\n\t\t\t\t<\/div>\n\t\t\t\t<\/div>\n\t\t","protected":false},"excerpt":{"rendered":"<p>Important publications Ryszard W. Wolny On Australian and European Trails: Andrew Taylor\u2019s Poetry of Nature, Man and Ashes. A Comparative Study in Eco-Phenomenology and Eco-Deconstruction Publisher: University of Opole Press, 2025, B5 format, 202 pp., hardcover ISBN: 978-83-8332-129-5 \u201cThe book titled On Australian and European Trails: Andrew Taylor\u2019s Poetry of Nature, Man and Ashes. A [&hellip;]<\/p>\n","protected":false},"author":5,"featured_media":0,"parent":0,"menu_order":0,"comment_status":"closed","ping_status":"closed","template":"","meta":{"footnotes":""},"class_list":["post-8981","page","type-page","status-publish","hentry"],"_links":{"self":[{"href":"https:\/\/inol.uni.opole.pl\/en\/wp-json\/wp\/v2\/pages\/8981","targetHints":{"allow":["GET"]}}],"collection":[{"href":"https:\/\/inol.uni.opole.pl\/en\/wp-json\/wp\/v2\/pages"}],"about":[{"href":"https:\/\/inol.uni.opole.pl\/en\/wp-json\/wp\/v2\/types\/page"}],"author":[{"embeddable":true,"href":"https:\/\/inol.uni.opole.pl\/en\/wp-json\/wp\/v2\/users\/5"}],"replies":[{"embeddable":true,"href":"https:\/\/inol.uni.opole.pl\/en\/wp-json\/wp\/v2\/comments?post=8981"}],"version-history":[{"count":1,"href":"https:\/\/inol.uni.opole.pl\/en\/wp-json\/wp\/v2\/pages\/8981\/revisions"}],"predecessor-version":[{"id":8982,"href":"https:\/\/inol.uni.opole.pl\/en\/wp-json\/wp\/v2\/pages\/8981\/revisions\/8982"}],"wp:attachment":[{"href":"https:\/\/inol.uni.opole.pl\/en\/wp-json\/wp\/v2\/media?parent=8981"}],"curies":[{"name":"wp","href":"https:\/\/api.w.org\/{rel}","templated":true}]}}